{"id":7978,"date":"2021-08-05T11:06:00","date_gmt":"2021-08-05T11:06:00","guid":{"rendered":"https:\/\/jiloutou.fr\/?page_id=7978"},"modified":"2026-04-28T11:43:53","modified_gmt":"2026-04-28T10:43:53","slug":"relations-presse-sipearl","status":"publish","type":"page","link":"https:\/\/sipearl.com\/fr\/relations-presse-sipearl","title":{"rendered":"Presse SiPearl"},"content":{"rendered":"<section class=\"l-section wpb_row height_medium with_img\"><div class=\"l-section-img\" role=\"img\" aria-label=\"Image\" data-img-width=\"1440\" data-img-height=\"741\" style=\"background-image: url(https:\/\/i0.wp.com\/sipearl.com\/wp-content\/uploads\/2024\/02\/fond-pages-secondaires_SiPearl.jpg?fit=1440%2C741&#038;ssl=1);background-position: bottom left;background-repeat: no-repeat;\"><\/div><div class=\"l-section-h i-cf\"><div class=\"g-cols vc_row via_flex valign_top type_boxes stacking_default\" style=\"--additional-gap:3rem;\"><div class=\"vc_col-sm-12 wpb_column vc_column_container\"><div class=\"vc_column-inner\"><div class=\"wpb_wrapper\"><div class=\"g-cols wpb_row us_custom_d628d18a us_animate_this via_flex valign_middle type_default stacking_default\"><div class=\"vc_col-sm-12 wpb_column vc_column_container\"><div class=\"vc_column-inner\"><div class=\"wpb_wrapper\"><div class=\"w-separator hide_on_tablets hide_on_mobiles size_custom\" style=\"height:1rem\"><\/div><div class=\"wpb_text_column\"><div class=\"wpb_wrapper\"><h1 style=\"text-align: left;\">Espace presse<\/h1>\n<\/div><\/div><div class=\"w-separator hide_on_tablets hide_on_mobiles size_custom\" style=\"height:2rem\"><\/div><div class=\"wpb_text_column us_custom_f67bc598 has_text_color\"><div class=\"wpb_wrapper\"><p><strong>Contact m\u00e9dias<br \/>\n<\/strong><strong>Marie-Anne Garigue : +33 6 09 05 87 80 \/ marie-anne.garigue@sipearl.com<br \/>\n<\/strong><strong>Gr\u00e9gory Bosson : +33 6 60 75 71 61 \/ gregory.bosson@sipearl.com<\/strong><\/p>\n<\/div><\/div><div class=\"w-separator size_custom\" style=\"height:3rem\"><\/div><div class=\"wpb_text_column\"><div class=\"wpb_wrapper\"><h2><span style=\"color: #009fe3;\">Nos communiqu\u00e9s<\/span><\/h2>\n<h3><\/h3>\n<\/div><\/div><div class=\"w-separator hide_on_tablets hide_on_mobiles size_custom\" style=\"height:2rem\"><\/div><div class=\"wpb_text_column us_custom_f7827f41 has_text_color\"><div class=\"wpb_wrapper\"><p>Ci-dessous tous les communiqu\u00e9s de presse publi\u00e9s depuis le lancement op\u00e9rationnel de SiPearl en janvier 2020.<\/p>\n<\/div><\/div><div class=\"w-separator size_custom\" style=\"height:3rem\"><\/div><\/div><\/div><\/div><\/div><div class=\"g-cols wpb_row us_custom_d628d18a us_animate_this via_flex valign_middle type_default stacking_default\"><div class=\"vc_col-sm-12 wpb_column vc_column_container\"><div class=\"vc_column-inner\"><div class=\"wpb_wrapper\"><div class=\"w-separator hide_on_tablets hide_on_mobiles size_custom\" style=\"height:1rem\"><\/div><div class=\"w-grid us_grid type_grid layout_12803 cols_3 pagination_ajax preload_style_spinner\" id=\"us_grid_1\" style=\"--columns:3;--gap:1.5rem;\" data-filterable=\"true\"><style>@media (max-width:1199px){#us_grid_1{--columns:2!important}}@media (max-width:899px){#us_grid_1{--columns:1!important}}.layout_12803 .w-grid-item-h{background:#004663;color:#ffffff;border-radius:0.1rem}.layout_12803 .usg_post_content_1{position:static!important}.layout_12803 .usg_post_image_1{position:static!important}<\/style><div class=\"w-grid-list\">\t<article class=\"w-grid-item size_1x1 post-25136 us_portfolio type-us_portfolio status-publish has-post-thumbnail hentry us_portfolio_category-communiques-de-presse\" data-id=\"25136\">\r\n\t\t<div class=\"w-grid-item-h\">\r\n\t\t\t\t\t\t<div class=\"w-post-elm post_image usg_post_image_1 stretched\"><img loading=\"lazy\" decoding=\"async\" width=\"900\" height=\"600\" src=\"https:\/\/i0.wp.com\/sipearl.com\/wp-content\/uploads\/2026\/04\/SiPearl_nomination_Guillaume_Etorre_COO_new_internet.jpg?fit=900%2C600&amp;ssl=1\" class=\"attachment-full size-full wp-post-image\" alt=\"Guillaume Etorre nomination press release as COO\" srcset=\"https:\/\/i0.wp.com\/sipearl.com\/wp-content\/uploads\/2026\/04\/SiPearl_nomination_Guillaume_Etorre_COO_new_internet.jpg?w=900&amp;ssl=1 900w, https:\/\/i0.wp.com\/sipearl.com\/wp-content\/uploads\/2026\/04\/SiPearl_nomination_Guillaume_Etorre_COO_new_internet.jpg?resize=300%2C200&amp;ssl=1 300w, https:\/\/i0.wp.com\/sipearl.com\/wp-content\/uploads\/2026\/04\/SiPearl_nomination_Guillaume_Etorre_COO_new_internet.jpg?resize=675%2C450&amp;ssl=1 675w, https:\/\/i0.wp.com\/sipearl.com\/wp-content\/uploads\/2026\/04\/SiPearl_nomination_Guillaume_Etorre_COO_new_internet.jpg?resize=500%2C333&amp;ssl=1 500w\" sizes=\"auto, (max-width: 900px) 100vw, 900px\" \/><\/div><div class=\"w-post-elm post_content usg_post_content_1\"><section class=\"l-section wpb_row height_small\"><div class=\"l-section-h i-cf\"><div class=\"g-cols vc_row via_flex valign_top type_default stacking_default\"><div class=\"vc_col-sm-12 wpb_column vc_column_container\"><div class=\"vc_column-inner\"><div class=\"wpb_wrapper\"><div class=\"g-cols wpb_row via_flex valign_top type_default stacking_default\"><div class=\"vc_col-sm-12 wpb_column vc_column_container\"><div class=\"vc_column-inner\"><div class=\"wpb_wrapper\"><div class=\"wpb_text_column\"><div class=\"wpb_wrapper\"><h3><span style=\"color: #ffffff;\">Guillaume Etorre, Chief Operating Officer<\/span><\/h3>\n<p><span style=\"color: #009fe3;\"><strong>28 avril 2026<\/strong><\/span><\/p>\n<p>Guillaume Etorre, est charg\u00e9 d&rsquo;acc\u00e9l\u00e9rer la transition de SiPearl, qui passera du statut de start-up sp\u00e9cialis\u00e9e dans la R&amp;D \u00e0 celui d\u2019entreprise europ\u00e9enne leader dans les semi-conducteurs.<\/p>\n<\/div><\/div><\/div><\/div><\/div><\/div><div class=\"w-separator size_custom\" style=\"height:1rem\"><\/div><div class=\"w-btn-wrapper align_left\"><a class=\"w-btn us-btn-style_2 icon_atleft\" target=\"_blank\" href=\"https:\/\/sipearl.com\/wp-content\/uploads\/2026\/04\/CP_SiPearl_nomination_COO_Guillaume_Etorre_VDEF.pdf\"><i class=\"fas fa-chevron-right\"><\/i><span class=\"w-btn-label\">Lire<\/span><\/a><\/div><\/div><\/div><\/div><\/div><\/div><\/section>\n<\/div>\t\t<\/div>\r\n\t\t\t<\/article>\r\n\t<article class=\"w-grid-item size_1x1 post-23336 us_portfolio type-us_portfolio status-publish has-post-thumbnail hentry us_portfolio_category-communiques-de-presse\" data-id=\"23336\">\r\n\t\t<div class=\"w-grid-item-h\">\r\n\t\t\t\t\t\t<div class=\"w-post-elm post_image usg_post_image_1 stretched\"><img loading=\"lazy\" decoding=\"async\" width=\"1800\" height=\"1200\" src=\"https:\/\/i0.wp.com\/sipearl.com\/wp-content\/uploads\/2025\/11\/SiPearl_Alice_Recoque.jpg?fit=1800%2C1200&amp;ssl=1\" class=\"attachment-full size-full wp-post-image\" alt=\"\" srcset=\"https:\/\/i0.wp.com\/sipearl.com\/wp-content\/uploads\/2025\/11\/SiPearl_Alice_Recoque.jpg?w=1800&amp;ssl=1 1800w, https:\/\/i0.wp.com\/sipearl.com\/wp-content\/uploads\/2025\/11\/SiPearl_Alice_Recoque.jpg?resize=300%2C200&amp;ssl=1 300w, https:\/\/i0.wp.com\/sipearl.com\/wp-content\/uploads\/2025\/11\/SiPearl_Alice_Recoque.jpg?resize=1024%2C683&amp;ssl=1 1024w, https:\/\/i0.wp.com\/sipearl.com\/wp-content\/uploads\/2025\/11\/SiPearl_Alice_Recoque.jpg?resize=675%2C450&amp;ssl=1 675w, https:\/\/i0.wp.com\/sipearl.com\/wp-content\/uploads\/2025\/11\/SiPearl_Alice_Recoque.jpg?resize=500%2C333&amp;ssl=1 500w\" sizes=\"auto, (max-width: 1480px) 100vw, 1480px\" \/><\/div><div class=\"w-post-elm post_content usg_post_content_1\"><section class=\"l-section wpb_row height_small\"><div class=\"l-section-h i-cf\"><div class=\"g-cols vc_row via_flex valign_top type_default stacking_default\"><div class=\"vc_col-sm-12 wpb_column vc_column_container\"><div class=\"vc_column-inner\"><div class=\"wpb_wrapper\"><div class=\"g-cols wpb_row via_flex valign_top type_default stacking_default\"><div class=\"vc_col-sm-12 wpb_column vc_column_container\"><div class=\"vc_column-inner\"><div class=\"wpb_wrapper\"><div class=\"wpb_text_column\"><div class=\"wpb_wrapper\"><h3><span style=\"color: #ffffff;\">SiPearl, s\u00e9lectionn\u00e9 pour Alice Recoque<\/span><\/h3>\n<p><span style=\"color: #009fe3;\"><strong>18 novembre 2025<\/strong><\/span><\/p>\n<p>SiPearl \u00e9quipera le nouveau supercalculateur exascale fran\u00e7ais, Alice Recoque, qui sera construit par Eviden.<\/p>\n<p>Lire le communiqu\u00e9 de presse:<\/p>\n<\/div><\/div><\/div><\/div><\/div><\/div><div class=\"w-separator size_custom\" style=\"height:1rem\"><\/div><div class=\"w-btn-wrapper align_left\"><a class=\"w-btn us-btn-style_2 icon_atleft\" target=\"_blank\" href=\"https:\/\/www.genci.fr\/actualites\/eurohpc-ju-and-jules-verne-consortium-selected-eviden-deliver-alice-recoque-new-european\"><i class=\"fas fa-chevron-right\"><\/i><span class=\"w-btn-label\">Communiqu\u00e9 de GENCI<\/span><\/a><\/div><div class=\"w-btn-wrapper align_left\"><a class=\"w-btn us-btn-style_2 icon_atleft\" target=\"_blank\" href=\"https:\/\/eviden.com\/insights\/press-releases\/eviden-and-amd-to-power-europe-s-new-exascale-supercomputer-the-first-based-in-france\/\"><i class=\"fas fa-chevron-right\"><\/i><span class=\"w-btn-label\">Communiqu\u00e9 d&rsquo;Eviden<\/span><\/a><\/div><\/div><\/div><\/div><\/div><\/div><\/section>\n<\/div>\t\t<\/div>\r\n\t\t\t<\/article>\r\n\t<article class=\"w-grid-item size_1x1 post-22714 us_portfolio type-us_portfolio status-publish has-post-thumbnail hentry us_portfolio_category-communiques-de-presse\" data-id=\"22714\">\r\n\t\t<div class=\"w-grid-item-h\">\r\n\t\t\t\t\t\t<div class=\"w-post-elm post_image usg_post_image_1 stretched\"><img loading=\"lazy\" decoding=\"async\" width=\"900\" height=\"600\" src=\"https:\/\/i0.wp.com\/sipearl.com\/wp-content\/uploads\/2025\/10\/SiPearl_Athena1_dual-use-processor.jpg?fit=900%2C600&amp;ssl=1\" class=\"attachment-full size-full wp-post-image\" alt=\"Dual-use processor Athena1\" srcset=\"https:\/\/i0.wp.com\/sipearl.com\/wp-content\/uploads\/2025\/10\/SiPearl_Athena1_dual-use-processor.jpg?w=900&amp;ssl=1 900w, https:\/\/i0.wp.com\/sipearl.com\/wp-content\/uploads\/2025\/10\/SiPearl_Athena1_dual-use-processor.jpg?resize=300%2C200&amp;ssl=1 300w, https:\/\/i0.wp.com\/sipearl.com\/wp-content\/uploads\/2025\/10\/SiPearl_Athena1_dual-use-processor.jpg?resize=675%2C450&amp;ssl=1 675w, https:\/\/i0.wp.com\/sipearl.com\/wp-content\/uploads\/2025\/10\/SiPearl_Athena1_dual-use-processor.jpg?resize=500%2C333&amp;ssl=1 500w\" sizes=\"auto, (max-width: 900px) 100vw, 900px\" \/><\/div><div class=\"w-post-elm post_content usg_post_content_1\"><section class=\"l-section wpb_row height_small\"><div class=\"l-section-h i-cf\"><div class=\"g-cols vc_row via_flex valign_top type_default stacking_default\"><div class=\"vc_col-sm-12 wpb_column vc_column_container\"><div class=\"vc_column-inner\"><div class=\"wpb_wrapper\"><div class=\"g-cols wpb_row via_flex valign_top type_default stacking_default\"><div class=\"vc_col-sm-12 wpb_column vc_column_container\"><div class=\"vc_column-inner\"><div class=\"wpb_wrapper\"><div class=\"wpb_text_column\"><div class=\"wpb_wrapper\"><h3><span style=\"color: #ffffff;\">Lancement d&rsquo;Athena1, le microprocesseur souverain pour usage dual<\/span><\/h3>\n<p><span style=\"color: #009fe3;\"><strong>2 octobre 2025<\/strong><\/span><\/p>\n<p>Athena1 offrira des caract\u00e9ristiques sp\u00e9cialement adapt\u00e9es aux charges de travail des applications pour les gouvernements, la d\u00e9fense et l\u2019a\u00e9rospatial. <\/p>\n<\/div><\/div><\/div><\/div><\/div><\/div><div class=\"w-separator size_custom\" style=\"height:1rem\"><\/div><div class=\"w-btn-wrapper align_left\"><a class=\"w-btn us-btn-style_2 icon_atleft\" target=\"_blank\" href=\"https:\/\/sipearl.com\/wp-content\/uploads\/2025\/10\/CP_SiPearl_Athena1_FR.pdf\"><i class=\"fas fa-chevron-right\"><\/i><span class=\"w-btn-label\">Lire<\/span><\/a><\/div><\/div><\/div><\/div><\/div><\/div><\/section>\n<\/div>\t\t<\/div>\r\n\t\t\t<\/article>\r\n\t<article class=\"w-grid-item size_1x1 post-20899 us_portfolio type-us_portfolio status-publish has-post-thumbnail hentry us_portfolio_category-communiques-de-presse\" data-id=\"20899\">\r\n\t\t<div class=\"w-grid-item-h\">\r\n\t\t\t\t\t\t<div class=\"w-post-elm post_image usg_post_image_1 stretched\"><img loading=\"lazy\" decoding=\"async\" width=\"900\" height=\"600\" src=\"https:\/\/i0.wp.com\/sipearl.com\/wp-content\/uploads\/2025\/07\/SiPearl_Closing_SeriesA.jpg?fit=900%2C600&amp;ssl=1\" class=\"attachment-full size-full wp-post-image\" alt=\"\" srcset=\"https:\/\/i0.wp.com\/sipearl.com\/wp-content\/uploads\/2025\/07\/SiPearl_Closing_SeriesA.jpg?w=900&amp;ssl=1 900w, https:\/\/i0.wp.com\/sipearl.com\/wp-content\/uploads\/2025\/07\/SiPearl_Closing_SeriesA.jpg?resize=300%2C200&amp;ssl=1 300w, https:\/\/i0.wp.com\/sipearl.com\/wp-content\/uploads\/2025\/07\/SiPearl_Closing_SeriesA.jpg?resize=675%2C450&amp;ssl=1 675w, https:\/\/i0.wp.com\/sipearl.com\/wp-content\/uploads\/2025\/07\/SiPearl_Closing_SeriesA.jpg?resize=500%2C333&amp;ssl=1 500w\" sizes=\"auto, (max-width: 900px) 100vw, 900px\" \/><\/div><div class=\"w-post-elm post_content usg_post_content_1\"><section class=\"l-section wpb_row height_small\"><div class=\"l-section-h i-cf\"><div class=\"g-cols vc_row via_flex valign_top type_default stacking_default\"><div class=\"vc_col-sm-12 wpb_column vc_column_container\"><div class=\"vc_column-inner\"><div class=\"wpb_wrapper\"><div class=\"g-cols wpb_row via_flex valign_top type_default stacking_default\"><div class=\"vc_col-sm-12 wpb_column vc_column_container\"><div class=\"vc_column-inner\"><div class=\"wpb_wrapper\"><div class=\"wpb_text_column\"><div class=\"wpb_wrapper\"><h3><span style=\"color: #ffffff;\">130 M\u20ac avec Cathay Venture, EIC et France 2030 \/ Tape-out de Rhea1<\/span><\/h3>\n<p><span style=\"color: #009fe3;\"><strong>8 juillet 2025<\/strong><\/span><\/p>\n<p>Lire le communiqu\u00e9 de presse:<\/p>\n<\/div><\/div><\/div><\/div><\/div><\/div><div class=\"w-separator size_custom\" style=\"height:1rem\"><\/div><div class=\"w-btn-wrapper align_left\"><a class=\"w-btn us-btn-style_2 icon_atleft\" target=\"_blank\" href=\"https:\/\/sipearl.com\/wp-content\/uploads\/2025\/07\/Francais_version.pdf\"><i class=\"fas fa-chevron-right\"><\/i><span class=\"w-btn-label\">en fran\u00e7ais<\/span><\/a><\/div><div class=\"w-btn-wrapper align_left\"><a class=\"w-btn us-btn-style_2 icon_atleft\" target=\"_blank\" href=\"https:\/\/sipearl.com\/wp-content\/uploads\/2025\/07\/English_version.pdf\"><i class=\"fas fa-chevron-right\"><\/i><span class=\"w-btn-label\">en anglais<\/span><\/a><\/div><div class=\"w-btn-wrapper align_left\"><a class=\"w-btn us-btn-style_2 icon_atleft\" target=\"_blank\" href=\"https:\/\/sipearl.com\/wp-content\/uploads\/2025\/07\/Spanish_version.pdf\"><i class=\"fas fa-chevron-right\"><\/i><span class=\"w-btn-label\">en espagnol<\/span><\/a><\/div><div class=\"w-btn-wrapper align_left\"><a class=\"w-btn us-btn-style_2 icon_atleft\" target=\"_blank\" href=\"https:\/\/sipearl.com\/wp-content\/uploads\/2025\/07\/Italian_version.pdf\"><i class=\"fas fa-chevron-right\"><\/i><span class=\"w-btn-label\">en italien<\/span><\/a><\/div><\/div><\/div><\/div><\/div><\/div><\/section>\n<\/div>\t\t<\/div>\r\n\t\t\t<\/article>\r\n\t<article class=\"w-grid-item size_1x1 post-20755 us_portfolio type-us_portfolio status-publish has-post-thumbnail hentry us_portfolio_category-communiques-de-presse\" data-id=\"20755\">\r\n\t\t<div class=\"w-grid-item-h\">\r\n\t\t\t\t\t\t<div class=\"w-post-elm post_image usg_post_image_1 stretched\"><img loading=\"lazy\" decoding=\"async\" width=\"2339\" height=\"1557\" src=\"https:\/\/i0.wp.com\/sipearl.com\/wp-content\/uploads\/2025\/06\/SiPearl_Seine_Reference_Server.jpg?fit=2339%2C1557&amp;ssl=1\" class=\"attachment-full size-full wp-post-image\" alt=\"\" srcset=\"https:\/\/i0.wp.com\/sipearl.com\/wp-content\/uploads\/2025\/06\/SiPearl_Seine_Reference_Server.jpg?w=2339&amp;ssl=1 2339w, https:\/\/i0.wp.com\/sipearl.com\/wp-content\/uploads\/2025\/06\/SiPearl_Seine_Reference_Server.jpg?resize=300%2C200&amp;ssl=1 300w, https:\/\/i0.wp.com\/sipearl.com\/wp-content\/uploads\/2025\/06\/SiPearl_Seine_Reference_Server.jpg?resize=1024%2C682&amp;ssl=1 1024w, https:\/\/i0.wp.com\/sipearl.com\/wp-content\/uploads\/2025\/06\/SiPearl_Seine_Reference_Server.jpg?resize=676%2C450&amp;ssl=1 676w, https:\/\/i0.wp.com\/sipearl.com\/wp-content\/uploads\/2025\/06\/SiPearl_Seine_Reference_Server.jpg?resize=500%2C333&amp;ssl=1 500w\" sizes=\"auto, (max-width: 1480px) 100vw, 1480px\" \/><\/div><div class=\"w-post-elm post_content usg_post_content_1\"><section class=\"l-section wpb_row height_small\"><div class=\"l-section-h i-cf\"><div class=\"g-cols vc_row via_flex valign_top type_default stacking_default\"><div class=\"vc_col-sm-12 wpb_column vc_column_container\"><div class=\"vc_column-inner\"><div class=\"wpb_wrapper\"><div class=\"g-cols wpb_row via_flex valign_top type_default stacking_default\"><div class=\"vc_col-sm-12 wpb_column vc_column_container\"><div class=\"vc_column-inner\"><div class=\"wpb_wrapper\"><div class=\"wpb_text_column\"><div class=\"wpb_wrapper\"><h3><span style=\"color: #ffffff;\">Lancement de Seine Reference Server\u00a0\u00a0<\/span><\/h3>\n<p><span style=\"color: #009fe3;\"><strong>10 juin 2025<\/strong><\/span><\/p>\n<p>SiPearl lance Seine Reference Server, une solution modulaire de serveur de r\u00e9f\u00e9rence d\u00e9di\u00e9e \u00e0 Rhea1, sa premi\u00e8re gamme de microprocesseurs.<\/p>\n<\/div><\/div><\/div><\/div><\/div><\/div><div class=\"w-separator size_custom\" style=\"height:1rem\"><\/div><div class=\"w-btn-wrapper align_left\"><a class=\"w-btn us-btn-style_2 icon_atleft\" target=\"_blank\" href=\"https:\/\/sipearl.com\/wp-content\/uploads\/2025\/06\/CP_SiPearl_Lancement_Seine_Reference_Server.pdf\"><i class=\"fas fa-chevron-right\"><\/i><span class=\"w-btn-label\">Lire<\/span><\/a><\/div><\/div><\/div><\/div><\/div><\/div><\/section>\n<\/div>\t\t<\/div>\r\n\t\t\t<\/article>\r\n\t<article class=\"w-grid-item size_1x1 post-20521 us_portfolio type-us_portfolio status-publish has-post-thumbnail hentry us_portfolio_category-communiques-de-presse us_portfolio_tag-98\" data-id=\"20521\">\r\n\t\t<div class=\"w-grid-item-h\">\r\n\t\t\t\t\t\t<div class=\"w-post-elm post_image usg_post_image_1 stretched\"><img loading=\"lazy\" decoding=\"async\" width=\"900\" height=\"600\" src=\"https:\/\/i0.wp.com\/sipearl.com\/wp-content\/uploads\/2025\/03\/SIPearl_Gael_Paul.jpg?fit=900%2C600&amp;ssl=1\" class=\"attachment-full size-full wp-post-image\" alt=\"Gael Paul Senior Vice President Engineering\" srcset=\"https:\/\/i0.wp.com\/sipearl.com\/wp-content\/uploads\/2025\/03\/SIPearl_Gael_Paul.jpg?w=900&amp;ssl=1 900w, https:\/\/i0.wp.com\/sipearl.com\/wp-content\/uploads\/2025\/03\/SIPearl_Gael_Paul.jpg?resize=300%2C200&amp;ssl=1 300w, https:\/\/i0.wp.com\/sipearl.com\/wp-content\/uploads\/2025\/03\/SIPearl_Gael_Paul.jpg?resize=675%2C450&amp;ssl=1 675w, https:\/\/i0.wp.com\/sipearl.com\/wp-content\/uploads\/2025\/03\/SIPearl_Gael_Paul.jpg?resize=500%2C333&amp;ssl=1 500w\" sizes=\"auto, (max-width: 900px) 100vw, 900px\" \/><\/div><div class=\"w-post-elm post_content usg_post_content_1\"><section class=\"l-section wpb_row height_small\"><div class=\"l-section-h i-cf\"><div class=\"g-cols vc_row via_flex valign_top type_default stacking_default\"><div class=\"vc_col-sm-12 wpb_column vc_column_container\"><div class=\"vc_column-inner\"><div class=\"wpb_wrapper\"><div class=\"g-cols wpb_row via_flex valign_top type_default stacking_default\"><div class=\"vc_col-sm-12 wpb_column vc_column_container\"><div class=\"vc_column-inner\"><div class=\"wpb_wrapper\"><div class=\"wpb_text_column\"><div class=\"wpb_wrapper\"><h3><span style=\"color: #ffffff;\">Gael Paul,<br \/>\nSenior Vice-President Engineering<\/span><\/h3>\n<p><span style=\"color: #009fe3;\"><strong>25 mars 2025<\/strong><\/span><\/p>\n<p>Gael Paul est le bras droit du CEO-fondateur pour la recherche &amp; d\u00e9veloppement, la gestion de programmes et dirige les \u00e9quipes concern\u00e9es.<\/p>\n<\/div><\/div><\/div><\/div><\/div><\/div><div class=\"w-separator size_custom\" style=\"height:1rem\"><\/div><div class=\"w-btn-wrapper align_left\"><a class=\"w-btn us-btn-style_2 icon_atleft\" target=\"_blank\" href=\"https:\/\/sipearl.com\/wp-content\/uploads\/2025\/03\/CP_SiPearl_nomination_Senior_VP_Engineering_Gael_Paul_FR_VDEF.pdf\"><i class=\"fas fa-chevron-right\"><\/i><span class=\"w-btn-label\">Lire<\/span><\/a><\/div><\/div><\/div><\/div><\/div><\/div><\/section>\n<\/div>\t\t<\/div>\r\n\t\t\t<\/article>\r\n\t<article class=\"w-grid-item size_1x1 post-16953 us_portfolio type-us_portfolio status-publish has-post-thumbnail hentry us_portfolio_category-communiques-de-presse us_portfolio_tag-86\" data-id=\"16953\">\r\n\t\t<div class=\"w-grid-item-h\">\r\n\t\t\t\t\t\t<div class=\"w-post-elm post_image usg_post_image_1 stretched\"><img loading=\"lazy\" decoding=\"async\" width=\"900\" height=\"600\" src=\"https:\/\/i0.wp.com\/sipearl.com\/wp-content\/uploads\/2024\/05\/SiPearl_partnership_Samsung.jpg?fit=900%2C600&amp;ssl=1\" class=\"attachment-full size-full wp-post-image\" alt=\"\" srcset=\"https:\/\/i0.wp.com\/sipearl.com\/wp-content\/uploads\/2024\/05\/SiPearl_partnership_Samsung.jpg?w=900&amp;ssl=1 900w, https:\/\/i0.wp.com\/sipearl.com\/wp-content\/uploads\/2024\/05\/SiPearl_partnership_Samsung.jpg?resize=300%2C200&amp;ssl=1 300w\" sizes=\"auto, (max-width: 900px) 100vw, 900px\" \/><\/div><div class=\"w-post-elm post_content usg_post_content_1\"><section class=\"l-section wpb_row height_small\"><div class=\"l-section-h i-cf\"><div class=\"g-cols vc_row via_flex valign_top type_default stacking_default\"><div class=\"vc_col-sm-12 wpb_column vc_column_container\"><div class=\"vc_column-inner\"><div class=\"wpb_wrapper\"><div class=\"g-cols wpb_row via_flex valign_top type_default stacking_default\"><div class=\"vc_col-sm-12 wpb_column vc_column_container\"><div class=\"vc_column-inner\"><div class=\"wpb_wrapper\"><div class=\"wpb_text_column\"><div class=\"wpb_wrapper\"><h3><span style=\"color: #ffffff;\">Partenariat avec Samsung Electronics<\/span><\/h3>\n<p><span style=\"color: #009fe3;\"><strong>14 mai 2024<\/strong><\/span><\/p>\n<p>SiPearl a conclu un partenariat avec Samsung Electronics afin d\u2019ex\u00e9cuter les charges de travail de calcul intensif et d\u2019intelligence artificielle avec les meilleures performance et efficacit\u00e9 \u00e9nerg\u00e9tique.<\/p>\n<\/div><\/div><\/div><\/div><\/div><\/div><div class=\"w-separator size_custom\" style=\"height:1rem\"><\/div><div class=\"w-btn-wrapper align_left\"><a class=\"w-btn us-btn-style_2 icon_atleft\" target=\"_blank\" href=\"https:\/\/sipearl.com\/wp-content\/uploads\/2024\/05\/CP_SiPearl_partenariat_Samsung.pdf\"><i class=\"fas fa-chevron-right\"><\/i><span class=\"w-btn-label\">Lire<\/span><\/a><\/div><\/div><\/div><\/div><\/div><\/div><\/section>\n<\/div>\t\t<\/div>\r\n\t\t\t<\/article>\r\n\t<article class=\"w-grid-item size_1x1 post-16932 us_portfolio type-us_portfolio status-publish has-post-thumbnail hentry us_portfolio_category-communiques-de-presse us_portfolio_tag-86\" data-id=\"16932\">\r\n\t\t<div class=\"w-grid-item-h\">\r\n\t\t\t\t\t\t<div class=\"w-post-elm post_image usg_post_image_1 stretched\"><img loading=\"lazy\" decoding=\"async\" width=\"900\" height=\"600\" src=\"https:\/\/i0.wp.com\/sipearl.com\/wp-content\/uploads\/2026\/02\/Rhea1_site.png?fit=900%2C600&amp;ssl=1\" class=\"attachment-full size-full wp-post-image\" alt=\"\" srcset=\"https:\/\/i0.wp.com\/sipearl.com\/wp-content\/uploads\/2026\/02\/Rhea1_site.png?w=900&amp;ssl=1 900w, https:\/\/i0.wp.com\/sipearl.com\/wp-content\/uploads\/2026\/02\/Rhea1_site.png?resize=300%2C200&amp;ssl=1 300w, https:\/\/i0.wp.com\/sipearl.com\/wp-content\/uploads\/2026\/02\/Rhea1_site.png?resize=675%2C450&amp;ssl=1 675w, https:\/\/i0.wp.com\/sipearl.com\/wp-content\/uploads\/2026\/02\/Rhea1_site.png?resize=500%2C333&amp;ssl=1 500w\" sizes=\"auto, (max-width: 900px) 100vw, 900px\" \/><\/div><div class=\"w-post-elm post_content usg_post_content_1\"><section class=\"l-section wpb_row height_small\"><div class=\"l-section-h i-cf\"><div class=\"g-cols vc_row via_flex valign_top type_default stacking_default\"><div class=\"vc_col-sm-12 wpb_column vc_column_container\"><div class=\"vc_column-inner\"><div class=\"wpb_wrapper\"><div class=\"g-cols wpb_row via_flex valign_top type_default stacking_default\"><div class=\"vc_col-sm-12 wpb_column vc_column_container\"><div class=\"vc_column-inner\"><div class=\"wpb_wrapper\"><div class=\"wpb_text_column\"><div class=\"wpb_wrapper\"><h3><span style=\"color: #ffffff;\">Rhea1, des caract\u00e9ristiques-cl\u00e9s pour le supercalcul et l&rsquo;IA<\/span><\/h3>\n<p><span style=\"color: #009fe3;\"><strong>13 mai 2024<\/strong><\/span><\/p>\n<p>SiPearl, d\u00e9voile les principales caract\u00e9ristiques de Rhea1, sa premi\u00e8re g\u00e9n\u00e9ration de microprocesseur d\u00e9di\u00e9 au supercalcul et \u00e0 l\u2019intelligence artificielle.<\/p>\n<\/div><\/div><\/div><\/div><\/div><\/div><div class=\"w-separator size_custom\" style=\"height:1rem\"><\/div><div class=\"w-btn-wrapper align_left\"><a class=\"w-btn us-btn-style_2 icon_atleft\" target=\"_blank\" href=\"https:\/\/sipearl.com\/wp-content\/uploads\/2024\/05\/CP_SiPearl_Rhea1_FR.pdf\"><i class=\"fas fa-chevron-right\"><\/i><span class=\"w-btn-label\">Lire<\/span><\/a><\/div><\/div><\/div><\/div><\/div><\/div><\/section>\n<\/div>\t\t<\/div>\r\n\t\t\t<\/article>\r\n\t<article class=\"w-grid-item size_1x1 post-16914 us_portfolio type-us_portfolio status-publish has-post-thumbnail hentry us_portfolio_category-communiques-de-presse us_portfolio_tag-86\" data-id=\"16914\">\r\n\t\t<div class=\"w-grid-item-h\">\r\n\t\t\t\t\t\t<div class=\"w-post-elm post_image usg_post_image_1 stretched\"><img loading=\"lazy\" decoding=\"async\" width=\"900\" height=\"600\" src=\"https:\/\/i0.wp.com\/sipearl.com\/wp-content\/uploads\/2024\/05\/SiPearl_Italy_international_subsidiary.jpg?fit=900%2C600&amp;ssl=1\" class=\"attachment-full size-full wp-post-image\" alt=\"\" srcset=\"https:\/\/i0.wp.com\/sipearl.com\/wp-content\/uploads\/2024\/05\/SiPearl_Italy_international_subsidiary.jpg?w=900&amp;ssl=1 900w, https:\/\/i0.wp.com\/sipearl.com\/wp-content\/uploads\/2024\/05\/SiPearl_Italy_international_subsidiary.jpg?resize=300%2C200&amp;ssl=1 300w\" sizes=\"auto, (max-width: 900px) 100vw, 900px\" \/><\/div><div class=\"w-post-elm post_content usg_post_content_1\"><section class=\"l-section wpb_row height_small\"><div class=\"l-section-h i-cf\"><div class=\"g-cols vc_row via_flex valign_top type_default stacking_default\"><div class=\"vc_col-sm-12 wpb_column vc_column_container\"><div class=\"vc_column-inner\"><div class=\"wpb_wrapper\"><div class=\"g-cols wpb_row via_flex valign_top type_default stacking_default\"><div class=\"vc_col-sm-12 wpb_column vc_column_container\"><div class=\"vc_column-inner\"><div class=\"wpb_wrapper\"><div class=\"wpb_text_column\"><div class=\"wpb_wrapper\"><h3><span style=\"color: #ffffff;\">SiPearl choisit l&rsquo;Italie pour sa 3\u00e8me filiale \u00e0 l\u2019international<\/span><\/h3>\n<p><span style=\"color: #009fe3;\"><strong>13 mai 2024<\/strong><\/span><\/p>\n<p>SiPearl va ouvrir en juin sa troisi\u00e8me filiale op\u00e9rationnelle \u00e0 l\u2019international \u00e0 Bologne. Matteo Tonelli sera nomm\u00e9 \u00e0 sa t\u00eate.<\/p>\n<\/div><\/div><\/div><\/div><\/div><\/div><div class=\"w-separator size_custom\" style=\"height:1rem\"><\/div><div class=\"w-btn-wrapper align_left\"><a class=\"w-btn us-btn-style_2 icon_atleft\" target=\"_blank\" href=\"https:\/\/sipearl.com\/wp-content\/uploads\/2024\/05\/CP_SiPearl_Ouverture_filiale_Italie_BologneFR.pdf\"><i class=\"fas fa-chevron-right\"><\/i><span class=\"w-btn-label\">Lire<\/span><\/a><\/div><\/div><\/div><\/div><\/div><\/div><\/section><section class=\"l-section wpb_row height_medium\"><div class=\"l-section-h i-cf\"><div class=\"g-cols vc_row via_flex valign_top type_default stacking_default\"><div class=\"vc_col-sm-12 wpb_column vc_column_container\"><div class=\"vc_column-inner\"><div class=\"wpb_wrapper\"><div class=\"wpb_text_column\"><div class=\"wpb_wrapper\"><\/div><\/div><\/div><\/div><\/div><\/div><\/div><\/section>\n<\/div>\t\t<\/div>\r\n\t\t\t<\/article>\r\n\t<article class=\"w-grid-item size_1x1 post-16139 us_portfolio type-us_portfolio status-publish has-post-thumbnail hentry us_portfolio_category-communiques-de-presse us_portfolio_tag-86\" data-id=\"16139\">\r\n\t\t<div class=\"w-grid-item-h\">\r\n\t\t\t\t\t\t<div class=\"w-post-elm post_image usg_post_image_1 stretched\"><img loading=\"lazy\" decoding=\"async\" width=\"900\" height=\"600\" src=\"https:\/\/i0.wp.com\/sipearl.com\/wp-content\/uploads\/2024\/02\/Visuel-Cornelia.jpg?fit=900%2C600&amp;ssl=1\" class=\"attachment-full size-full wp-post-image\" alt=\"SiPearl Group General Counsel\" srcset=\"https:\/\/i0.wp.com\/sipearl.com\/wp-content\/uploads\/2024\/02\/Visuel-Cornelia.jpg?w=900&amp;ssl=1 900w, https:\/\/i0.wp.com\/sipearl.com\/wp-content\/uploads\/2024\/02\/Visuel-Cornelia.jpg?resize=300%2C200&amp;ssl=1 300w\" sizes=\"auto, (max-width: 900px) 100vw, 900px\" \/><\/div><div class=\"w-post-elm post_content usg_post_content_1\"><section class=\"l-section wpb_row height_small\"><div class=\"l-section-h i-cf\"><div class=\"g-cols vc_row via_flex valign_top type_default stacking_default\"><div class=\"vc_col-sm-12 wpb_column vc_column_container\"><div class=\"vc_column-inner\"><div class=\"wpb_wrapper\"><div class=\"g-cols wpb_row via_flex valign_top type_default stacking_default\"><div class=\"vc_col-sm-12 wpb_column vc_column_container\"><div class=\"vc_column-inner\"><div class=\"wpb_wrapper\"><div class=\"wpb_text_column\"><div class=\"wpb_wrapper\"><h3><span style=\"color: #ffffff;\">Cornelia Emmerlich, Directrice Juridique Groupe<\/span><\/h3>\n<p><span style=\"color: #009fe3;\"><strong>6 f\u00e9vrier 2024<\/strong><\/span><\/p>\n<p>Elle est responsable de l\u2019ensemble des questions juridiques et de conformit\u00e9, du pilotage juridique des prochains tours de financement et du secr\u00e9tariat juridique.<\/p>\n<\/div><\/div><\/div><\/div><\/div><\/div><div class=\"w-separator size_custom\" style=\"height:1rem\"><\/div><div class=\"w-btn-wrapper align_left\"><a class=\"w-btn us-btn-style_2 icon_atleft\" target=\"_blank\" href=\"https:\/\/sipearl.com\/wp-content\/uploads\/2024\/02\/CP_SiPearl_nomination-Directrice-Juridique-Groupe.pdf\"><i class=\"fas fa-chevron-right\"><\/i><span class=\"w-btn-label\">Lire<\/span><\/a><\/div><\/div><\/div><\/div><\/div><\/div><\/section>\n<\/div>\t\t<\/div>\r\n\t\t\t<\/article>\r\n\t<article class=\"w-grid-item size_1x1 post-15119 us_portfolio type-us_portfolio status-publish has-post-thumbnail hentry us_portfolio_category-communiques-de-presse us_portfolio_tag-87\" data-id=\"15119\">\r\n\t\t<div class=\"w-grid-item-h\">\r\n\t\t\t\t\t\t<div class=\"w-post-elm post_image usg_post_image_1 stretched\"><img loading=\"lazy\" decoding=\"async\" width=\"900\" height=\"600\" src=\"https:\/\/i0.wp.com\/sipearl.com\/wp-content\/uploads\/2023\/10\/Ian_Jenks_Chairman_of_the_Board.jpg?fit=900%2C600&amp;ssl=1\" class=\"attachment-full size-full wp-post-image\" alt=\"Ian Jenks SiPearl Chairman of the Board\" srcset=\"https:\/\/i0.wp.com\/sipearl.com\/wp-content\/uploads\/2023\/10\/Ian_Jenks_Chairman_of_the_Board.jpg?w=900&amp;ssl=1 900w, https:\/\/i0.wp.com\/sipearl.com\/wp-content\/uploads\/2023\/10\/Ian_Jenks_Chairman_of_the_Board.jpg?resize=300%2C200&amp;ssl=1 300w\" sizes=\"auto, (max-width: 900px) 100vw, 900px\" \/><\/div><div class=\"w-post-elm post_content usg_post_content_1\"><section class=\"l-section wpb_row height_small\"><div class=\"l-section-h i-cf\"><div class=\"g-cols vc_row via_flex valign_top type_default stacking_default\"><div class=\"vc_col-sm-12 wpb_column vc_column_container\"><div class=\"vc_column-inner\"><div class=\"wpb_wrapper\"><div class=\"g-cols wpb_row via_flex valign_top type_default stacking_default\"><div class=\"vc_col-sm-12 wpb_column vc_column_container\"><div class=\"vc_column-inner\"><div class=\"wpb_wrapper\"><div class=\"wpb_text_column\"><div class=\"wpb_wrapper\"><h3><span style=\"color: #ffffff;\">Ian Jenks, Pr\u00e9sident du Conseil d\u2019administration<\/span><\/h3>\n<p><span style=\"color: #009fe3;\"><strong>10 octobre 2023<\/strong><\/span><\/p>\n<p>Ian Jenks, actuellement Pr\u00e9sident et CEO de la soci\u00e9t\u00e9 SmartKem, Inc. cot\u00e9e aux Etats-Unis, a \u00e9t\u00e9 nomm\u00e9 Pr\u00e9sident du Conseil d\u2019administration.<\/p>\n<\/div><\/div><\/div><\/div><\/div><\/div><div class=\"w-separator size_custom\" style=\"height:1rem\"><\/div><div class=\"w-btn-wrapper align_left\"><a class=\"w-btn us-btn-style_2 icon_atleft\" target=\"_blank\" href=\"https:\/\/sipearl.com\/wp-content\/uploads\/2023\/10\/CP_SiPearl_Nomination_Ian_Jenks_President_Conseil_Administration.pdf\"><i class=\"fas fa-chevron-right\"><\/i><span class=\"w-btn-label\">Lire<\/span><\/a><\/div><\/div><\/div><\/div><\/div><\/div><\/section>\n<\/div>\t\t<\/div>\r\n\t\t\t<\/article>\r\n\t<article class=\"w-grid-item size_1x1 post-15244 us_portfolio type-us_portfolio status-publish has-post-thumbnail hentry us_portfolio_category-communiques-de-presse us_portfolio_tag-87\" data-id=\"15244\">\r\n\t\t<div class=\"w-grid-item-h\">\r\n\t\t\t\t\t\t<div class=\"w-post-elm post_image usg_post_image_1 stretched\"><img loading=\"lazy\" decoding=\"async\" width=\"900\" height=\"600\" src=\"https:\/\/i0.wp.com\/sipearl.com\/wp-content\/uploads\/2023\/10\/JUPITER_lead-customer_SiPearl.jpg?fit=900%2C600&amp;ssl=1\" class=\"attachment-full size-full wp-post-image\" alt=\"JUPITER SiPearl\" srcset=\"https:\/\/i0.wp.com\/sipearl.com\/wp-content\/uploads\/2023\/10\/JUPITER_lead-customer_SiPearl.jpg?w=900&amp;ssl=1 900w, https:\/\/i0.wp.com\/sipearl.com\/wp-content\/uploads\/2023\/10\/JUPITER_lead-customer_SiPearl.jpg?resize=300%2C200&amp;ssl=1 300w\" sizes=\"auto, (max-width: 900px) 100vw, 900px\" \/><\/div><div class=\"w-post-elm post_content usg_post_content_1\"><section class=\"l-section wpb_row height_small\"><div class=\"l-section-h i-cf\"><div class=\"g-cols vc_row via_flex valign_top type_default stacking_default\"><div class=\"vc_col-sm-12 wpb_column vc_column_container\"><div class=\"vc_column-inner\"><div class=\"wpb_wrapper\"><div class=\"g-cols wpb_row via_flex valign_top type_default stacking_default\"><div class=\"vc_col-sm-12 wpb_column vc_column_container\"><div class=\"vc_column-inner\"><div class=\"wpb_wrapper\"><div class=\"wpb_text_column\"><div class=\"wpb_wrapper\"><h3><span style=\"color: #ffffff;\">JUPITER 1<sup>er<\/sup> contrat embl\u00e9matique<\/span><\/h3>\n<p><span style=\"color: #009fe3;\"><strong>5 octobre 2023<\/strong><\/span><\/p>\n<p>Le premier supercalculateur exascale europ\u00e9en sera \u00e9quip\u00e9 de Rhea1, le microprocesseur basse consommation d\u00e9di\u00e9 au calcul haute performance.<\/p>\n<\/div><\/div><\/div><\/div><\/div><\/div><div class=\"w-separator size_custom\" style=\"height:1rem\"><\/div><div class=\"w-btn-wrapper align_left\"><a class=\"w-btn us-btn-style_2 icon_atleft\" target=\"_blank\" href=\"https:\/\/sipearl.com\/wp-content\/uploads\/2023\/10\/CP_SiPearl_Jupiter_contrat_VDEF-1.pdf\"><i class=\"fas fa-chevron-right\"><\/i><span class=\"w-btn-label\">Lire<\/span><\/a><\/div><\/div><\/div><\/div><\/div><\/div><\/section>\n<\/div>\t\t<\/div>\r\n\t\t\t<\/article>\r\n\t<article class=\"w-grid-item size_1x1 post-15249 us_portfolio type-us_portfolio status-publish has-post-thumbnail hentry us_portfolio_category-communiques-de-presse us_portfolio_tag-87\" data-id=\"15249\">\r\n\t\t<div class=\"w-grid-item-h\">\r\n\t\t\t\t\t\t<div class=\"w-post-elm post_image usg_post_image_1 stretched\"><img loading=\"lazy\" decoding=\"async\" width=\"900\" height=\"600\" src=\"https:\/\/i0.wp.com\/sipearl.com\/wp-content\/uploads\/2023\/05\/SiPearl_Vivian_Blanchard_VP_RD_Hardware.jpg?fit=900%2C600&amp;ssl=1\" class=\"attachment-full size-full wp-post-image\" alt=\"Vivian Blanchard Vice President Hardware R&amp;D\" srcset=\"https:\/\/i0.wp.com\/sipearl.com\/wp-content\/uploads\/2023\/05\/SiPearl_Vivian_Blanchard_VP_RD_Hardware.jpg?w=900&amp;ssl=1 900w, https:\/\/i0.wp.com\/sipearl.com\/wp-content\/uploads\/2023\/05\/SiPearl_Vivian_Blanchard_VP_RD_Hardware.jpg?resize=300%2C200&amp;ssl=1 300w\" sizes=\"auto, (max-width: 900px) 100vw, 900px\" \/><\/div><div class=\"w-post-elm post_content usg_post_content_1\"><section class=\"l-section wpb_row height_small\"><div class=\"l-section-h i-cf\"><div class=\"g-cols vc_row via_flex valign_top type_default stacking_default\"><div class=\"vc_col-sm-12 wpb_column vc_column_container\"><div class=\"vc_column-inner\"><div class=\"wpb_wrapper\"><div class=\"g-cols wpb_row via_flex valign_top type_default stacking_default\"><div class=\"vc_col-sm-12 wpb_column vc_column_container\"><div class=\"vc_column-inner\"><div class=\"wpb_wrapper\"><div class=\"wpb_text_column\"><div class=\"wpb_wrapper\"><h3><span style=\"color: #ffffff;\">Vivian Blanchard,<br \/>\nVP R&amp;D Hardware<\/span><\/h3>\n<p><span style=\"color: #009fe3;\"><strong>4 mai 2023<\/strong><\/span><\/p>\n<p>Il accompagne la mont\u00e9e en puissance de l\u2019\u00e9quipe R&amp;D Hardware pour finaliser la conception de la 1<sup>\u00e8re<\/sup> g\u00e9n\u00e9ration de microprocesseurs, Rhea.<\/p>\n<\/div><\/div><\/div><\/div><\/div><\/div><div class=\"w-separator size_custom\" style=\"height:1rem\"><\/div><div class=\"w-btn-wrapper align_left\"><a class=\"w-btn us-btn-style_2 icon_atleft\" target=\"_blank\" href=\"https:\/\/sipearl.com\/wp-content\/uploads\/2023\/05\/CP_SiPearl_Nomination_VP_RD_hardware_FR.pdf\"><i class=\"fas fa-chevron-right\"><\/i><span class=\"w-btn-label\">Lire<\/span><\/a><\/div><\/div><\/div><\/div><\/div><\/div><\/section>\n<\/div>\t\t<\/div>\r\n\t\t\t<\/article>\r\n\t<article class=\"w-grid-item size_1x1 post-15402 us_portfolio type-us_portfolio status-publish has-post-thumbnail hentry us_portfolio_category-communiques-de-presse us_portfolio_tag-87\" data-id=\"15402\">\r\n\t\t<div class=\"w-grid-item-h\">\r\n\t\t\t\t\t\t<div class=\"w-post-elm post_image usg_post_image_1 stretched\"><img loading=\"lazy\" decoding=\"async\" width=\"900\" height=\"600\" src=\"https:\/\/i0.wp.com\/sipearl.com\/wp-content\/uploads\/2023\/04\/visuel_site_internet-1.jpg?fit=900%2C600&amp;ssl=1\" class=\"attachment-full size-full wp-post-image\" alt=\"\" srcset=\"https:\/\/i0.wp.com\/sipearl.com\/wp-content\/uploads\/2023\/04\/visuel_site_internet-1.jpg?w=900&amp;ssl=1 900w, https:\/\/i0.wp.com\/sipearl.com\/wp-content\/uploads\/2023\/04\/visuel_site_internet-1.jpg?resize=300%2C200&amp;ssl=1 300w\" sizes=\"auto, (max-width: 900px) 100vw, 900px\" \/><\/div><div class=\"w-post-elm post_content usg_post_content_1\"><section class=\"l-section wpb_row height_small\"><div class=\"l-section-h i-cf\"><div class=\"g-cols vc_row via_flex valign_top type_default stacking_default\"><div class=\"vc_col-sm-12 wpb_column vc_column_container\"><div class=\"vc_column-inner\"><div class=\"wpb_wrapper\"><div class=\"g-cols wpb_row via_flex valign_top type_default stacking_default\"><div class=\"vc_col-sm-12 wpb_column vc_column_container\"><div class=\"vc_column-inner\"><div class=\"wpb_wrapper\"><div class=\"wpb_text_column\"><div class=\"wpb_wrapper\"><h3><span style=\"color: #ffffff;\">1<sup>er<\/sup> closing de la S\u00e9rie A avec 90\u00a0M\u20ac<\/span><\/h3>\n<p><span style=\"color: #009fe3;\"><strong>5 avril 2023<\/strong><\/span><\/p>\n<p>Des partenaires industriels cl\u00e9s ainsi que des investisseurs publics europ\u00e9ens et fran\u00e7ais participent \u00e0 ce premier tour de table.<\/p>\n<\/div><\/div><\/div><\/div><\/div><\/div><div class=\"w-separator size_custom\" style=\"height:1rem\"><\/div><div class=\"w-btn-wrapper align_left\"><a class=\"w-btn us-btn-style_2 icon_atleft\" target=\"_blank\" href=\"https:\/\/sipearl.com\/wp-content\/uploads\/2023\/04\/CP_SiPearl_SerieA_VDEF.pdf\"><i class=\"fas fa-chevron-right\"><\/i><span class=\"w-btn-label\">Lire<\/span><\/a><\/div><\/div><\/div><\/div><\/div><\/div><\/section>\n<\/div>\t\t<\/div>\r\n\t\t\t<\/article>\r\n\t<article class=\"w-grid-item size_1x1 post-15258 us_portfolio type-us_portfolio status-publish has-post-thumbnail hentry us_portfolio_category-communiques-de-presse us_portfolio_tag-88\" data-id=\"15258\">\r\n\t\t<div class=\"w-grid-item-h\">\r\n\t\t\t\t\t\t<div class=\"w-post-elm post_image usg_post_image_1 stretched\"><img loading=\"lazy\" decoding=\"async\" width=\"2046\" height=\"1364\" src=\"https:\/\/i0.wp.com\/sipearl.com\/wp-content\/uploads\/2022\/11\/SiPearl_Collaboration_AMD_microprocessor.jpg?fit=2046%2C1364&amp;ssl=1\" class=\"attachment-full size-full wp-post-image\" alt=\"\" srcset=\"https:\/\/i0.wp.com\/sipearl.com\/wp-content\/uploads\/2022\/11\/SiPearl_Collaboration_AMD_microprocessor.jpg?w=2046&amp;ssl=1 2046w, https:\/\/i0.wp.com\/sipearl.com\/wp-content\/uploads\/2022\/11\/SiPearl_Collaboration_AMD_microprocessor.jpg?resize=300%2C200&amp;ssl=1 300w, https:\/\/i0.wp.com\/sipearl.com\/wp-content\/uploads\/2022\/11\/SiPearl_Collaboration_AMD_microprocessor.jpg?resize=1024%2C683&amp;ssl=1 1024w, https:\/\/i0.wp.com\/sipearl.com\/wp-content\/uploads\/2022\/11\/SiPearl_Collaboration_AMD_microprocessor.jpg?resize=1536%2C1024&amp;ssl=1 1536w\" sizes=\"auto, (max-width: 1480px) 100vw, 1480px\" \/><\/div><div class=\"w-post-elm post_content usg_post_content_1\"><section class=\"l-section wpb_row height_small\"><div class=\"l-section-h i-cf\"><div class=\"g-cols vc_row via_flex valign_top type_default stacking_default\"><div class=\"vc_col-sm-12 wpb_column vc_column_container\"><div class=\"vc_column-inner\"><div class=\"wpb_wrapper\"><div class=\"g-cols wpb_row via_flex valign_top type_default stacking_default\"><div class=\"vc_col-sm-12 wpb_column vc_column_container\"><div class=\"vc_column-inner\"><div class=\"wpb_wrapper\"><div class=\"wpb_text_column\"><div class=\"wpb_wrapper\"><h3><span style=\"color: #ffffff;\">Collaboration avec AMD dans le supercalcul exascale en Europe<\/span><\/h3>\n<p><span style=\"color: #009fe3;\"><strong>14 novembre 2022<\/strong><\/span><\/p>\n<p>Les deux partenaires proposeront une offre conjointe combinant le microprocesseur HPC Rhea de SiPearl avec les acc\u00e9l\u00e9rateurs Instinct\u2122 d\u2019AMD.<\/p>\n<\/div><\/div><\/div><\/div><\/div><\/div><div class=\"w-separator size_custom\" style=\"height:1rem\"><\/div><div class=\"w-btn-wrapper align_left\"><a class=\"w-btn us-btn-style_2 icon_atleft\" target=\"_blank\" href=\"https:\/\/sipearl.com\/wp-content\/uploads\/2022\/11\/CP_SiPearl_AMD_collaboration_VDEF.pdf\"><i class=\"fas fa-chevron-right\"><\/i><span class=\"w-btn-label\">Lire<\/span><\/a><\/div><\/div><\/div><\/div><\/div><\/div><\/section>\n<\/div>\t\t<\/div>\r\n\t\t\t<\/article>\r\n\t<article class=\"w-grid-item size_1x1 post-15262 us_portfolio type-us_portfolio status-publish has-post-thumbnail hentry us_portfolio_category-communiques-de-presse us_portfolio_tag-88\" data-id=\"15262\">\r\n\t\t<div class=\"w-grid-item-h\">\r\n\t\t\t\t\t\t<div class=\"w-post-elm post_image usg_post_image_1 stretched\"><img loading=\"lazy\" decoding=\"async\" width=\"1561\" height=\"1038\" src=\"https:\/\/i0.wp.com\/sipearl.com\/wp-content\/uploads\/2022\/10\/Sipearl_nomination_directeur_systemes_information-3.jpg?fit=1561%2C1038&amp;ssl=1\" class=\"attachment-full size-full wp-post-image\" alt=\"\" srcset=\"https:\/\/i0.wp.com\/sipearl.com\/wp-content\/uploads\/2022\/10\/Sipearl_nomination_directeur_systemes_information-3.jpg?w=1561&amp;ssl=1 1561w, https:\/\/i0.wp.com\/sipearl.com\/wp-content\/uploads\/2022\/10\/Sipearl_nomination_directeur_systemes_information-3.jpg?resize=300%2C199&amp;ssl=1 300w, https:\/\/i0.wp.com\/sipearl.com\/wp-content\/uploads\/2022\/10\/Sipearl_nomination_directeur_systemes_information-3.jpg?resize=1024%2C681&amp;ssl=1 1024w, https:\/\/i0.wp.com\/sipearl.com\/wp-content\/uploads\/2022\/10\/Sipearl_nomination_directeur_systemes_information-3.jpg?resize=1536%2C1021&amp;ssl=1 1536w\" sizes=\"auto, (max-width: 1480px) 100vw, 1480px\" \/><\/div><div class=\"w-post-elm post_content usg_post_content_1\"><section class=\"l-section wpb_row height_small\"><div class=\"l-section-h i-cf\"><div class=\"g-cols vc_row via_flex valign_top type_default stacking_default\"><div class=\"vc_col-sm-12 wpb_column vc_column_container\"><div class=\"vc_column-inner\"><div class=\"wpb_wrapper\"><div class=\"g-cols wpb_row via_flex valign_top type_default stacking_default\"><div class=\"vc_col-sm-12 wpb_column vc_column_container\"><div class=\"vc_column-inner\"><div class=\"wpb_wrapper\"><div class=\"wpb_text_column\"><div class=\"wpb_wrapper\"><h3><span style=\"color: #ffffff;\">S\u00e9bastien Kamphuis, Directeur des Syst\u00e8mes d\u2019Information<\/span><\/h3>\n<p><span style=\"color: #009fe3;\"><strong>25 octobre 2022<\/strong><\/span><\/p>\n<p>Ancien d\u2019Engie, Capgemini et Bouygues Telecom, il a d\u00e9velopp\u00e9 une solide exp\u00e9rience dans le service d\u2019infrastructures informatiques.<\/p>\n<\/div><\/div><\/div><\/div><\/div><\/div><div class=\"w-separator size_custom\" style=\"height:1rem\"><\/div><div class=\"w-btn-wrapper align_left\"><a class=\"w-btn us-btn-style_2 icon_atleft\" target=\"_blank\" href=\"https:\/\/sipearl.com\/wp-content\/uploads\/2022\/10\/CP_SiPearl_nomination_DSI-1.pdf\"><i class=\"fas fa-chevron-right\"><\/i><span class=\"w-btn-label\">Lire<\/span><\/a><\/div><\/div><\/div><\/div><\/div><\/div><\/section>\n<\/div>\t\t<\/div>\r\n\t\t\t<\/article>\r\n\t<article class=\"w-grid-item size_1x1 post-15270 us_portfolio type-us_portfolio status-publish has-post-thumbnail hentry us_portfolio_category-communiques-de-presse us_portfolio_tag-88\" data-id=\"15270\">\r\n\t\t<div class=\"w-grid-item-h\">\r\n\t\t\t\t\t\t<div class=\"w-post-elm post_image usg_post_image_1 stretched\"><img loading=\"lazy\" decoding=\"async\" width=\"1872\" height=\"1247\" src=\"https:\/\/i0.wp.com\/sipearl.com\/wp-content\/uploads\/2022\/07\/SiPearl_Grenoble_Europole.jpg?fit=1872%2C1247&amp;ssl=1\" class=\"attachment-full size-full wp-post-image\" alt=\"SiPearl Grenoble\" srcset=\"https:\/\/i0.wp.com\/sipearl.com\/wp-content\/uploads\/2022\/07\/SiPearl_Grenoble_Europole.jpg?w=1872&amp;ssl=1 1872w, https:\/\/i0.wp.com\/sipearl.com\/wp-content\/uploads\/2022\/07\/SiPearl_Grenoble_Europole.jpg?resize=300%2C200&amp;ssl=1 300w, https:\/\/i0.wp.com\/sipearl.com\/wp-content\/uploads\/2022\/07\/SiPearl_Grenoble_Europole.jpg?resize=1024%2C682&amp;ssl=1 1024w, https:\/\/i0.wp.com\/sipearl.com\/wp-content\/uploads\/2022\/07\/SiPearl_Grenoble_Europole.jpg?resize=1536%2C1023&amp;ssl=1 1536w\" sizes=\"auto, (max-width: 1480px) 100vw, 1480px\" \/><\/div><div class=\"w-post-elm post_content usg_post_content_1\"><section class=\"l-section wpb_row height_small\"><div class=\"l-section-h i-cf\"><div class=\"g-cols vc_row via_flex valign_top type_default stacking_default\"><div class=\"vc_col-sm-12 wpb_column vc_column_container\"><div class=\"vc_column-inner\"><div class=\"wpb_wrapper\"><div class=\"g-cols wpb_row via_flex valign_top type_default stacking_default\"><div class=\"vc_col-sm-12 wpb_column vc_column_container\"><div class=\"vc_column-inner\"><div class=\"wpb_wrapper\"><div class=\"wpb_text_column\"><div class=\"wpb_wrapper\"><h3><span style=\"color: #ffffff;\">SiPearl Grenoble pr\u00e9pare sa mont\u00e9e en puissance<\/span><\/h3>\n<p><span style=\"color: #009fe3;\"><strong>12 juillet 2022<\/strong><\/span><\/p>\n<p>En emm\u00e9nageant dans le quartier Europole, la soci\u00e9t\u00e9 se rapproche \u00e9galement des \u00e9coles d\u2019ing\u00e9nieurs INP-Phelma, INP Ense3 et Polytech Grenoble.<\/p>\n<\/div><\/div><\/div><\/div><\/div><\/div><div class=\"w-separator size_custom\" style=\"height:1rem\"><\/div><div class=\"w-btn-wrapper align_left\"><a class=\"w-btn us-btn-style_2 icon_atleft\" target=\"_blank\" href=\"https:\/\/sipearl.com\/wp-content\/uploads\/2022\/07\/CP_SiPearl_demenagement_Grenoble_VDEF.pdf\"><i class=\"fas fa-chevron-right\"><\/i><span class=\"w-btn-label\">Lire<\/span><\/a><\/div><\/div><\/div><\/div><\/div><\/div><\/section>\n<\/div>\t\t<\/div>\r\n\t\t\t<\/article>\r\n\t<article class=\"w-grid-item size_1x1 post-15276 us_portfolio type-us_portfolio status-publish has-post-thumbnail hentry us_portfolio_category-communiques-de-presse us_portfolio_tag-88\" data-id=\"15276\">\r\n\t\t<div class=\"w-grid-item-h\">\r\n\t\t\t\t\t\t<div class=\"w-post-elm post_image usg_post_image_1 stretched\"><img loading=\"lazy\" decoding=\"async\" width=\"1547\" height=\"1031\" src=\"https:\/\/i0.wp.com\/sipearl.com\/wp-content\/uploads\/2022\/06\/EIC_Fund_1st-investment.jpg?fit=1547%2C1031&amp;ssl=1\" class=\"attachment-full size-full wp-post-image\" alt=\"EIC Fund SiPearl\" srcset=\"https:\/\/i0.wp.com\/sipearl.com\/wp-content\/uploads\/2022\/06\/EIC_Fund_1st-investment.jpg?w=1547&amp;ssl=1 1547w, https:\/\/i0.wp.com\/sipearl.com\/wp-content\/uploads\/2022\/06\/EIC_Fund_1st-investment.jpg?resize=300%2C200&amp;ssl=1 300w, https:\/\/i0.wp.com\/sipearl.com\/wp-content\/uploads\/2022\/06\/EIC_Fund_1st-investment.jpg?resize=1024%2C682&amp;ssl=1 1024w, https:\/\/i0.wp.com\/sipearl.com\/wp-content\/uploads\/2022\/06\/EIC_Fund_1st-investment.jpg?resize=1536%2C1024&amp;ssl=1 1536w\" sizes=\"auto, (max-width: 1480px) 100vw, 1480px\" \/><\/div><div class=\"w-post-elm post_content usg_post_content_1\"><section class=\"l-section wpb_row height_small\"><div class=\"l-section-h i-cf\"><div class=\"g-cols vc_row via_flex valign_top type_default stacking_default\"><div class=\"vc_col-sm-12 wpb_column vc_column_container\"><div class=\"vc_column-inner\"><div class=\"wpb_wrapper\"><div class=\"g-cols wpb_row via_flex valign_top type_default stacking_default\"><div class=\"vc_col-sm-12 wpb_column vc_column_container\"><div class=\"vc_column-inner\"><div class=\"wpb_wrapper\"><div class=\"wpb_text_column\"><div class=\"wpb_wrapper\"><h3><span style=\"color: #ffffff;\">SiPearl : 1<sup>er<\/sup> investissement direct<br \/>\nde l\u2019EIC Fund<\/span><\/h3>\n<p><span style=\"color: #009fe3;\"><strong>14 juin 2022<\/strong><\/span><\/p>\n<p>(En anglais) En tant que laur\u00e9at de l\u2019EIC Accelerator en d\u00e9cembre 2021, SiPearl est le 1<sup>er<\/sup> investissement de l\u2019EIC Fund pour un montant de 15 M\u20ac et 2,5 M\u20ac de subventions.<\/p>\n<\/div><\/div><\/div><\/div><\/div><\/div><div class=\"w-separator size_custom\" style=\"height:1rem\"><\/div><div class=\"w-btn-wrapper align_left\"><a class=\"w-btn us-btn-style_2 icon_atleft\" target=\"_blank\" href=\"https:\/\/sipearl.com\/wp-content\/uploads\/2022\/06\/220614-EIC-first-investment-press-announcement.pdf\"><i class=\"fas fa-chevron-right\"><\/i><span class=\"w-btn-label\">Lire<\/span><\/a><\/div><\/div><\/div><\/div><\/div><\/div><\/section>\n<\/div>\t\t<\/div>\r\n\t\t\t<\/article>\r\n<\/div>\t<div class=\"w-grid-preloader\">\r\n\t\t<div class=\"g-preloader type_1\">\r\n\t\t\t<div><\/div>\r\n\t\t<\/div>\r\n\t<\/div>\r\n\t\t\t\t<div class=\"g-loadmore \">\r\n\t\t\t\t<div class=\"g-preloader type_1\">\r\n\t\t\t\t\t<div><\/div>\r\n\t\t\t\t<\/div>\r\n\t\t\t\t<button class=\"w-btn us-btn-style_32\">\r\n\t\t\t\t\t<span class=\"w-btn-label\">Plus de communiqu\u00e9s<\/span>\r\n\t\t\t\t<\/button>\r\n\t\t\t<\/div>\r\n\t\t\t\t<div class=\"w-grid-json hidden\" onclick='return {&quot;action&quot;:&quot;us_ajax_grid&quot;,&quot;infinite_scroll&quot;:0,&quot;max_num_pages&quot;:3,&quot;pagination&quot;:&quot;ajax&quot;,&quot;template_vars&quot;:{&quot;columns&quot;:&quot;3&quot;,&quot;exclude_items&quot;:&quot;none&quot;,&quot;img_size&quot;:&quot;default&quot;,&quot;ignore_items_size&quot;:0,&quot;items_layout&quot;:&quot;12803&quot;,&quot;items_offset&quot;:&quot;1&quot;,&quot;load_animation&quot;:&quot;none&quot;,&quot;overriding_link&quot;:&quot;%7B%22url%22%3A%22%22%7D&quot;,&quot;post_id&quot;:0,&quot;query_args&quot;:{&quot;post_type&quot;:[&quot;us_portfolio&quot;],&quot;tax_query&quot;:[{&quot;taxonomy&quot;:&quot;us_portfolio_category&quot;,&quot;field&quot;:&quot;slug&quot;,&quot;terms&quot;:[&quot;press-releases&quot;]}],&quot;post_status&quot;:[&quot;publish&quot;],&quot;posts_per_page&quot;:&quot;18&quot;},&quot;orderby_query_args&quot;:{&quot;orderby&quot;:{&quot;date&quot;:&quot;DESC&quot;}},&quot;type&quot;:&quot;grid&quot;,&quot;us_grid_post_type&quot;:&quot;us_portfolio&quot;,&quot;us_grid_ajax_index&quot;:1,&quot;us_grid_filter_query_string&quot;:null,&quot;us_grid_index&quot;:1,&quot;page_args&quot;:[],&quot;lang&quot;:&quot;fr&quot;}}'><\/div>\r\n\t<\/div><div class=\"w-separator size_custom\" style=\"height:3rem\"><\/div><\/div><\/div><\/div><\/div><div class=\"g-cols wpb_row us_custom_d174e5d4 has_text_color via_flex valign_middle type_default stacking_default\"><div class=\"vc_col-sm-8 wpb_column vc_column_container\"><div class=\"vc_column-inner\"><div class=\"wpb_wrapper\"><div class=\"w-separator size_custom\" style=\"height:3rem\"><\/div><div class=\"wpb_text_column us_custom_f7827f41 has_text_color\"><div class=\"wpb_wrapper\"><h2 style=\"text-align: center;\">Pour recevoir nos communiqu\u00e9s de presse<\/h2>\n<\/div><\/div><div class=\"w-separator size_custom\" style=\"height:1.8rem\"><\/div><\/div><\/div><\/div><div class=\"vc_col-sm-4 wpb_column vc_column_container\"><div class=\"vc_column-inner\"><div class=\"wpb_wrapper\"><div class=\"w-separator size_custom\" style=\"height:3rem\"><\/div><div class=\"w-popup w-btn-wrapper align_center\"><button class=\"w-popup-trigger type_btn w-btn us-btn-style_26\" aria-label=\"Je m&rsquo;inscris\" type=\"button\"><span class=\"w-btn-label\">Je m&rsquo;inscris<\/span><\/button><div class=\"w-popup-overlay\" style=\"background:rgba(0,159,227,0.75);\"><\/div><div class=\"w-popup-wrap layout_default\" role=\"dialog\" aria-modal=\"true\" aria-label=\"Popup\" style=\"--title-color:var(--color-content-heading);--title-bg-color:var(--color-content-bg-alt);--content-color:var(--color-content-text);--content-bg-color:var(--color-content-bg);--popup-width:600px;--popup-padding:5%;\"><button aria-label=\"Fermer\" class=\"w-popup-closer\" type=\"button\"><\/button><div class=\"w-popup-box animation_fadeIn closerpos_outside without_title\"><div class=\"w-popup-box-h\"><div class=\"w-popup-box-content\"><h3 style=\"text-align: center;\"><div class=\"w-iconbox iconpos_top style_default color_primary align_center no_text no_title\"><div class=\"w-iconbox-icon\" style=\"font-size:60px;\"><i class=\"fas fa-pen-alt\"><\/i><\/div><div class=\"w-iconbox-meta\"><\/div><\/div><br \/>\n<strong>Je m&rsquo;inscris sur la liste de presse de\u00a0SiPearl<\/strong><\/h3>\n<p style=\"text-align: center;\"><div class=\"w-separator size_custom\" style=\"height:2.5rem\"><\/div>\n<p style=\"text-align: center;\">\n<div class=\"wpcf7 no-js\" id=\"wpcf7-f9750-o1\" lang=\"fr-FR\" dir=\"ltr\" data-wpcf7-id=\"9750\">\n<div class=\"screen-reader-response\"><p role=\"status\" aria-live=\"polite\" aria-atomic=\"true\"><\/p> <ul><\/ul><\/div>\n<form action=\"\/fr\/wp-json\/wp\/v2\/pages\/7978#wpcf7-f9750-o1\" method=\"post\" class=\"wpcf7-form init\" aria-label=\"Formulaire de contact\" novalidate=\"novalidate\" data-status=\"init\">\n<fieldset class=\"hidden-fields-container\"><input type=\"hidden\" name=\"_wpcf7\" value=\"9750\" \/><input type=\"hidden\" name=\"_wpcf7_version\" value=\"6.1.5\" \/><input type=\"hidden\" name=\"_wpcf7_locale\" value=\"fr_FR\" \/><input type=\"hidden\" name=\"_wpcf7_unit_tag\" value=\"wpcf7-f9750-o1\" \/><input type=\"hidden\" name=\"_wpcf7_container_post\" value=\"0\" \/><input type=\"hidden\" name=\"_wpcf7_posted_data_hash\" value=\"\" \/><input type=\"hidden\" name=\"_wpcf7_recaptcha_response\" value=\"\" \/>\n<\/fieldset>\n<p><span class=\"wpcf7-form-control-wrap\" data-name=\"your-surname\"><input size=\"40\" maxlength=\"400\" class=\"wpcf7-form-control wpcf7-text\" aria-invalid=\"false\" placeholder=\"Pr\u00e9nom\" value=\"\" type=\"text\" name=\"your-surname\" \/><\/span>\n<\/p>\n<p><span class=\"wpcf7-form-control-wrap\" data-name=\"your-last-name\"><input size=\"40\" maxlength=\"400\" class=\"wpcf7-form-control wpcf7-text wpcf7-validates-as-required\" aria-required=\"true\" aria-invalid=\"false\" placeholder=\"Nom*\" value=\"\" type=\"text\" name=\"your-last-name\" \/><\/span>\n<\/p>\n<p><span class=\"wpcf7-form-control-wrap\" data-name=\"company\"><input size=\"40\" maxlength=\"400\" class=\"wpcf7-form-control wpcf7-text\" aria-invalid=\"false\" placeholder=\"M\u00e9dia*\" value=\"\" type=\"text\" name=\"company\" \/><\/span>\n<\/p>\n<p><span class=\"wpcf7-form-control-wrap\" data-name=\"email-131\"><input size=\"40\" maxlength=\"400\" class=\"wpcf7-form-control wpcf7-email wpcf7-validates-as-required wpcf7-text wpcf7-validates-as-email\" aria-required=\"true\" aria-invalid=\"false\" placeholder=\"E-mail*\" value=\"\" type=\"email\" name=\"email-131\" \/><\/span>\n<\/p>\n<p><input class=\"wpcf7-form-control wpcf7-submit has-spinner\" type=\"submit\" value=\"Envoyer\" \/>\n<\/p><div class=\"wpcf7-response-output\" aria-hidden=\"true\"><\/div>\n<\/form>\n<\/div>\n<p style=\"text-align: center;\"><div class=\"w-separator size_custom\" style=\"height:1.5rem\"><\/div>\n<p style=\"text-align: center;\"><span style=\"font-size: 10pt;\"><em>(*) Ces champs sont obligatoires.<\/em><\/span><\/p>\n<p style=\"text-align: center;\">En renseignant vos coordonn\u00e9es, vous acceptez de recevoir nos communiqu\u00e9s de presse par courrier \u00e9lectronique et avez pris connaissance de notre <a href=\"https:\/\/sipearl.com\/mentions-legales-sipearl\"><strong><span style=\"text-decoration: underline;\">Politique de confidentialit\u00e9<\/span><\/strong>.<\/a><\/p>\n<p style=\"text-align: center;\">Vous pouvez vous d\u00e9sinscrire \u00e0 tout moment \u00e0 l&rsquo;aide du lien de d\u00e9sinscription figurant en bas de chaque communiqu\u00e9 de presse ou en contactant communication<sup>AT<\/sup>sipearl.com.<\/p>\n<\/div><\/div><\/div><\/div><\/div><div class=\"w-separator size_custom\" style=\"height:1.8rem\"><\/div><\/div><\/div><\/div><\/div><\/div><\/div><\/div><\/div><\/div><\/section>\n","protected":false},"excerpt":{"rendered":"SiPearl : 1er investissement direct de l\u2019EIC Fund 14 juin 2022 (En anglais) En tant que laur\u00e9at de l\u2019EIC Accelerator en d\u00e9cembre 2021, SiPearl est le 1er investissement de l\u2019EIC Fund pour un montant de 15 M\u20ac et 2,5 M\u20ac de subventions. Lire","protected":false},"author":1,"featured_media":0,"parent":0,"menu_order":0,"comment_status":"closed","ping_status":"closed","template":"","meta":{"footnotes":""},"class_list":["post-7978","page","type-page","status-publish","hentry"],"yoast_head":"<!-- This site is optimized with the Yoast SEO plugin v27.5 - https:\/\/yoast.com\/product\/yoast-seo-wordpress\/ -->\n<title>Presse SiPearl - SiPearl<\/title>\n<meta name=\"description\" content=\"Retrouvez ici les communiqu\u00e9s de presse et dossier de presse de SiPearl. Journalistes, inscrivez-vous sur notre liste de presse !\" \/>\n<meta name=\"robots\" content=\"index, follow, max-snippet:-1, max-image-preview:large, max-video-preview:-1\" \/>\n<link rel=\"canonical\" href=\"https:\/\/sipearl.com\/fr\/relations-presse-sipearl\" \/>\n<meta property=\"og:locale\" content=\"fr_FR\" \/>\n<meta property=\"og:type\" content=\"article\" \/>\n<meta property=\"og:title\" content=\"Presse SiPearl - SiPearl\" \/>\n<meta property=\"og:description\" content=\"Retrouvez ici les communiqu\u00e9s de presse et dossier de presse de SiPearl. Journalistes, inscrivez-vous sur notre liste de presse !\" \/>\n<meta property=\"og:url\" content=\"https:\/\/sipearl.com\/fr\/relations-presse-sipearl\" \/>\n<meta property=\"og:site_name\" content=\"SiPearl\" \/>\n<meta property=\"article:modified_time\" content=\"2026-04-28T10:43:53+00:00\" \/>\n<meta name=\"twitter:card\" content=\"summary_large_image\" \/>\n<meta name=\"twitter:site\" content=\"@SIPEARL_SAS\" \/>\n<meta name=\"twitter:label1\" content=\"Dur\u00e9e de lecture estim\u00e9e\" \/>\n\t<meta name=\"twitter:data1\" content=\"10 minutes\" \/>\n<script type=\"application\/ld+json\" class=\"yoast-schema-graph\">{\"@context\":\"https:\\\/\\\/schema.org\",\"@graph\":[{\"@type\":\"WebPage\",\"@id\":\"https:\\\/\\\/sipearl.com\\\/fr\\\/relations-presse-sipearl\",\"url\":\"https:\\\/\\\/sipearl.com\\\/fr\\\/relations-presse-sipearl\",\"name\":\"Presse SiPearl - SiPearl\",\"isPartOf\":{\"@id\":\"https:\\\/\\\/sipearl.com\\\/fr#website\"},\"datePublished\":\"2021-08-05T11:06:00+00:00\",\"dateModified\":\"2026-04-28T10:43:53+00:00\",\"description\":\"Retrouvez ici les communiqu\u00e9s de presse et dossier de presse de SiPearl. Journalistes, inscrivez-vous sur notre liste de presse !\",\"breadcrumb\":{\"@id\":\"https:\\\/\\\/sipearl.com\\\/fr\\\/relations-presse-sipearl#breadcrumb\"},\"inLanguage\":\"fr-FR\",\"potentialAction\":[{\"@type\":\"ReadAction\",\"target\":[\"https:\\\/\\\/sipearl.com\\\/fr\\\/relations-presse-sipearl\"]}]},{\"@type\":\"BreadcrumbList\",\"@id\":\"https:\\\/\\\/sipearl.com\\\/fr\\\/relations-presse-sipearl#breadcrumb\",\"itemListElement\":[{\"@type\":\"ListItem\",\"position\":1,\"name\":\"Accueil\",\"item\":\"https:\\\/\\\/sipearl.com\\\/fr\"},{\"@type\":\"ListItem\",\"position\":2,\"name\":\"Presse SiPearl\"}]},{\"@type\":\"WebSite\",\"@id\":\"https:\\\/\\\/sipearl.com\\\/fr#website\",\"url\":\"https:\\\/\\\/sipearl.com\\\/fr\",\"name\":\"SiPearl\",\"description\":\"le microprocesseur europ\u00e9en\",\"publisher\":{\"@id\":\"https:\\\/\\\/sipearl.com\\\/fr#organization\"},\"potentialAction\":[{\"@type\":\"SearchAction\",\"target\":{\"@type\":\"EntryPoint\",\"urlTemplate\":\"https:\\\/\\\/sipearl.com\\\/fr?s={search_term_string}\"},\"query-input\":{\"@type\":\"PropertyValueSpecification\",\"valueRequired\":true,\"valueName\":\"search_term_string\"}}],\"inLanguage\":\"fr-FR\"},{\"@type\":\"Organization\",\"@id\":\"https:\\\/\\\/sipearl.com\\\/fr#organization\",\"name\":\"SiPearl\",\"url\":\"https:\\\/\\\/sipearl.com\\\/fr\",\"logo\":{\"@type\":\"ImageObject\",\"inLanguage\":\"fr-FR\",\"@id\":\"https:\\\/\\\/sipearl.com\\\/fr#\\\/schema\\\/logo\\\/image\\\/\",\"url\":\"https:\\\/\\\/sipearl.com\\\/wp-content\\\/uploads\\\/2021\\\/08\\\/logo_SIPEARL.png\",\"contentUrl\":\"https:\\\/\\\/sipearl.com\\\/wp-content\\\/uploads\\\/2021\\\/08\\\/logo_SIPEARL.png\",\"width\":1146,\"height\":396,\"caption\":\"SiPearl\"},\"image\":{\"@id\":\"https:\\\/\\\/sipearl.com\\\/fr#\\\/schema\\\/logo\\\/image\\\/\"},\"sameAs\":[\"https:\\\/\\\/x.com\\\/SIPEARL_SAS\",\"https:\\\/\\\/www.linkedin.com\\\/company\\\/sipearl\\\/\"]}]}<\/script>\n<!-- \/ Yoast SEO plugin. -->","yoast_head_json":{"title":"Presse SiPearl - SiPearl","description":"Retrouvez ici les communiqu\u00e9s de presse et dossier de presse de SiPearl. Journalistes, inscrivez-vous sur notre liste de presse !","robots":{"index":"index","follow":"follow","max-snippet":"max-snippet:-1","max-image-preview":"max-image-preview:large","max-video-preview":"max-video-preview:-1"},"canonical":"https:\/\/sipearl.com\/fr\/relations-presse-sipearl","og_locale":"fr_FR","og_type":"article","og_title":"Presse SiPearl - SiPearl","og_description":"Retrouvez ici les communiqu\u00e9s de presse et dossier de presse de SiPearl. Journalistes, inscrivez-vous sur notre liste de presse !","og_url":"https:\/\/sipearl.com\/fr\/relations-presse-sipearl","og_site_name":"SiPearl","article_modified_time":"2026-04-28T10:43:53+00:00","twitter_card":"summary_large_image","twitter_site":"@SIPEARL_SAS","twitter_misc":{"Dur\u00e9e de lecture estim\u00e9e":"10 minutes"},"schema":{"@context":"https:\/\/schema.org","@graph":[{"@type":"WebPage","@id":"https:\/\/sipearl.com\/fr\/relations-presse-sipearl","url":"https:\/\/sipearl.com\/fr\/relations-presse-sipearl","name":"Presse SiPearl - SiPearl","isPartOf":{"@id":"https:\/\/sipearl.com\/fr#website"},"datePublished":"2021-08-05T11:06:00+00:00","dateModified":"2026-04-28T10:43:53+00:00","description":"Retrouvez ici les communiqu\u00e9s de presse et dossier de presse de SiPearl. Journalistes, inscrivez-vous sur notre liste de presse !","breadcrumb":{"@id":"https:\/\/sipearl.com\/fr\/relations-presse-sipearl#breadcrumb"},"inLanguage":"fr-FR","potentialAction":[{"@type":"ReadAction","target":["https:\/\/sipearl.com\/fr\/relations-presse-sipearl"]}]},{"@type":"BreadcrumbList","@id":"https:\/\/sipearl.com\/fr\/relations-presse-sipearl#breadcrumb","itemListElement":[{"@type":"ListItem","position":1,"name":"Accueil","item":"https:\/\/sipearl.com\/fr"},{"@type":"ListItem","position":2,"name":"Presse SiPearl"}]},{"@type":"WebSite","@id":"https:\/\/sipearl.com\/fr#website","url":"https:\/\/sipearl.com\/fr","name":"SiPearl","description":"le microprocesseur europ\u00e9en","publisher":{"@id":"https:\/\/sipearl.com\/fr#organization"},"potentialAction":[{"@type":"SearchAction","target":{"@type":"EntryPoint","urlTemplate":"https:\/\/sipearl.com\/fr?s={search_term_string}"},"query-input":{"@type":"PropertyValueSpecification","valueRequired":true,"valueName":"search_term_string"}}],"inLanguage":"fr-FR"},{"@type":"Organization","@id":"https:\/\/sipearl.com\/fr#organization","name":"SiPearl","url":"https:\/\/sipearl.com\/fr","logo":{"@type":"ImageObject","inLanguage":"fr-FR","@id":"https:\/\/sipearl.com\/fr#\/schema\/logo\/image\/","url":"https:\/\/sipearl.com\/wp-content\/uploads\/2021\/08\/logo_SIPEARL.png","contentUrl":"https:\/\/sipearl.com\/wp-content\/uploads\/2021\/08\/logo_SIPEARL.png","width":1146,"height":396,"caption":"SiPearl"},"image":{"@id":"https:\/\/sipearl.com\/fr#\/schema\/logo\/image\/"},"sameAs":["https:\/\/x.com\/SIPEARL_SAS","https:\/\/www.linkedin.com\/company\/sipearl\/"]}]}},"jetpack_sharing_enabled":true,"_links":{"self":[{"href":"https:\/\/sipearl.com\/fr\/wp-json\/wp\/v2\/pages\/7978","targetHints":{"allow":["GET"]}}],"collection":[{"href":"https:\/\/sipearl.com\/fr\/wp-json\/wp\/v2\/pages"}],"about":[{"href":"https:\/\/sipearl.com\/fr\/wp-json\/wp\/v2\/types\/page"}],"author":[{"embeddable":true,"href":"https:\/\/sipearl.com\/fr\/wp-json\/wp\/v2\/users\/1"}],"replies":[{"embeddable":true,"href":"https:\/\/sipearl.com\/fr\/wp-json\/wp\/v2\/comments?post=7978"}],"version-history":[{"count":320,"href":"https:\/\/sipearl.com\/fr\/wp-json\/wp\/v2\/pages\/7978\/revisions"}],"predecessor-version":[{"id":24079,"href":"https:\/\/sipearl.com\/fr\/wp-json\/wp\/v2\/pages\/7978\/revisions\/24079"}],"wp:attachment":[{"href":"https:\/\/sipearl.com\/fr\/wp-json\/wp\/v2\/media?parent=7978"}],"curies":[{"name":"wp","href":"https:\/\/api.w.org\/{rel}","templated":true}]}}