{"id":26247,"date":"2026-08-05T15:43:33","date_gmt":"2026-08-05T14:43:33","guid":{"rendered":"https:\/\/sipearl.com\/relaciones-con-la-prensa-sipearl"},"modified":"2026-08-06T08:49:55","modified_gmt":"2026-08-06T07:49:55","slug":"relaciones-con-la-prensa-sipearl","status":"publish","type":"page","link":"https:\/\/sipearl.com\/es\/relaciones-con-la-prensa-sipearl","title":{"rendered":"Prensa de SiPearl"},"content":{"rendered":"<section class=\"l-section wpb_row height_medium with_img\"><div class=\"l-section-img\" role=\"img\" aria-label=\"Imagen\" data-img-width=\"1440\" data-img-height=\"741\" style=\"background-image: url(https:\/\/i0.wp.com\/sipearl.com\/wp-content\/uploads\/2024\/02\/fond-pages-secondaires_SiPearl.jpg?fit=1440%2C741&#038;ssl=1);background-position: bottom left;background-repeat: no-repeat;\"><\/div><div class=\"l-section-h i-cf\"><div class=\"g-cols vc_row via_flex valign_top type_boxes stacking_default\" style=\"--additional-gap:3rem;\"><div class=\"vc_col-sm-12 wpb_column vc_column_container\"><div class=\"vc_column-inner\"><div class=\"wpb_wrapper\"><div class=\"g-cols wpb_row us_custom_d628d18a us_animate_this via_flex valign_middle type_default stacking_default\"><div class=\"vc_col-sm-12 wpb_column vc_column_container\"><div class=\"vc_column-inner\"><div class=\"wpb_wrapper\"><div class=\"w-separator hide_on_tablets hide_on_mobiles size_custom\" style=\"height:1rem\"><\/div><div class=\"wpb_text_column\"><div class=\"wpb_wrapper\"><h1 style=\"text-align: left;\">\u00c1rea de prensa<\/h1>\n<\/div><\/div><div class=\"w-separator hide_on_tablets hide_on_mobiles size_custom\" style=\"height:2rem\"><\/div><div class=\"wpb_text_column us_custom_f67bc598 has_text_color\"><div class=\"wpb_wrapper\"><p><strong>Contacto para los medios<br \/>\n<\/strong><strong>Marie-Anne Garigue: +33 6 09 05 87 80 \/ marie-anne.garigue@sipearl.com<br \/>\n<\/strong><strong>Gr\u00e9gory Bosson: +33 6 60 75 71 61 \/ gregory.bosson@sipearl.com<\/strong><\/p>\n<\/div><\/div><div class=\"w-separator size_custom\" style=\"height:3rem\"><\/div><div class=\"wpb_text_column\"><div class=\"wpb_wrapper\"><h2><span style=\"color: #009fe3;\">Nuestros comunicados<\/span><\/h2>\n<h3><\/h3>\n<\/div><\/div><div class=\"w-separator hide_on_tablets hide_on_mobiles size_custom\" style=\"height:2rem\"><\/div><div class=\"wpb_text_column us_custom_f7827f41 has_text_color\"><div class=\"wpb_wrapper\"><p>A continuaci\u00f3n se recogen todos los comunicados de prensa publicados desde el inicio operativo de SiPearl en enero de 2020.<\/p>\n<\/div><\/div><div class=\"w-separator size_custom\" style=\"height:3rem\"><\/div><\/div><\/div><\/div><\/div><div class=\"g-cols wpb_row us_custom_d628d18a us_animate_this via_flex valign_middle type_default stacking_default\"><div class=\"vc_col-sm-12 wpb_column vc_column_container\"><div class=\"vc_column-inner\"><div class=\"wpb_wrapper\"><div class=\"w-separator hide_on_tablets hide_on_mobiles size_custom\" style=\"height:1rem\"><\/div><div class=\"w-grid us_grid type_grid layout_12803 cols_3 pagination_ajax preload_style_spinner\" id=\"us_grid_1\" style=\"--columns:3;--gap:1.5rem;\" data-filterable=\"true\"><style>@media (max-width:1199px){#us_grid_1{--columns:2!important}}@media (max-width:899px){#us_grid_1{--columns:1!important}}.layout_12803 .w-grid-item-h{background:#004663;color:#ffffff;border-radius:0.1rem}.layout_12803 .usg_post_content_1{position:static!important}.layout_12803 .usg_post_image_1{position:static!important}<\/style><div class=\"w-grid-list\">\t<article class=\"w-grid-item size_1x1 post-26034 us_portfolio type-us_portfolio status-publish has-post-thumbnail hentry us_portfolio_category-comunicados-de-prensa us_portfolio_tag-124\" data-id=\"26034\">\r\n\t\t<div class=\"w-grid-item-h\">\r\n\t\t\t\t\t\t<div class=\"w-post-elm post_image usg_post_image_1 stretched\"><img loading=\"lazy\" decoding=\"async\" width=\"900\" height=\"600\" src=\"https:\/\/i0.wp.com\/sipearl.com\/wp-content\/uploads\/2026\/07\/SiPearl_Consortium_AETHER_DEF_small.png?fit=900%2C600&amp;ssl=1\" class=\"attachment-full size-full wp-post-image\" alt=\"\" srcset=\"https:\/\/i0.wp.com\/sipearl.com\/wp-content\/uploads\/2026\/07\/SiPearl_Consortium_AETHER_DEF_small.png?w=900&amp;ssl=1 900w, https:\/\/i0.wp.com\/sipearl.com\/wp-content\/uploads\/2026\/07\/SiPearl_Consortium_AETHER_DEF_small.png?resize=300%2C200&amp;ssl=1 300w, https:\/\/i0.wp.com\/sipearl.com\/wp-content\/uploads\/2026\/07\/SiPearl_Consortium_AETHER_DEF_small.png?resize=675%2C450&amp;ssl=1 675w, https:\/\/i0.wp.com\/sipearl.com\/wp-content\/uploads\/2026\/07\/SiPearl_Consortium_AETHER_DEF_small.png?resize=500%2C333&amp;ssl=1 500w\" sizes=\"auto, (max-width: 900px) 100vw, 900px\" \/><\/div><div class=\"w-post-elm post_content usg_post_content_1\"><section class=\"l-section wpb_row height_small\"><div class=\"l-section-h i-cf\"><div class=\"g-cols vc_row via_flex valign_top type_default stacking_default\"><div class=\"vc_col-sm-12 wpb_column vc_column_container\"><div class=\"vc_column-inner\"><div class=\"wpb_wrapper\"><div class=\"g-cols wpb_row via_flex valign_top type_default stacking_default\"><div class=\"vc_col-sm-12 wpb_column vc_column_container\"><div class=\"vc_column-inner\"><div class=\"wpb_wrapper\"><div class=\"wpb_text_column\"><div class=\"wpb_wrapper\"><h3><span style=\"color: #ffffff;\">SiPearl, miembro del consorcio \u00c6THER<\/span><\/h3>\n<p><span style=\"color: #009fe3;\"><strong>8 de julio de 2026<\/strong><\/span><\/p>\n<p>SiPearl se ha unido al consorcio \u00c6THER, creado por 2CRSi, junto a l\u00edderes europeos de la industria, la inteligencia artificial, la nube y la energ\u00eda, para construir las \u00abAI Gigafactories\u00bb del continente europeo.<\/p>\n<\/div><\/div><\/div><\/div><\/div><\/div><div class=\"w-separator size_custom\" style=\"height:1rem\"><\/div><div class=\"w-btn-wrapper align_left\"><a class=\"w-btn us-btn-style_2 icon_atleft\" target=\"_blank\" href=\"https:\/\/sipearl.com\/wp-content\/uploads\/2026\/07\/PR_SiPearl_AETHER_Consortium.pdf\"><i class=\"fas fa-chevron-right\"><\/i><span class=\"w-btn-label\">Leer (en ingl\u00e9s)<\/span><\/a><\/div><\/div><\/div><\/div><\/div><\/div><\/section>\n<\/div>\t\t<\/div>\r\n\t\t\t<\/article>\r\n\t<article class=\"w-grid-item size_1x1 post-26056 us_portfolio type-us_portfolio status-publish has-post-thumbnail hentry us_portfolio_category-comunicados-de-prensa\" data-id=\"26056\">\r\n\t\t<div class=\"w-grid-item-h\">\r\n\t\t\t\t\t\t<div class=\"w-post-elm post_image usg_post_image_1 stretched\"><img loading=\"lazy\" decoding=\"async\" width=\"900\" height=\"600\" src=\"https:\/\/i0.wp.com\/sipearl.com\/wp-content\/uploads\/2026\/05\/Rhea1_bring-up_site_Linkedin_UK-1.jpg?fit=900%2C600&amp;ssl=1\" class=\"attachment-full size-full wp-post-image\" alt=\"\" srcset=\"https:\/\/i0.wp.com\/sipearl.com\/wp-content\/uploads\/2026\/05\/Rhea1_bring-up_site_Linkedin_UK-1.jpg?w=900&amp;ssl=1 900w, https:\/\/i0.wp.com\/sipearl.com\/wp-content\/uploads\/2026\/05\/Rhea1_bring-up_site_Linkedin_UK-1.jpg?resize=300%2C200&amp;ssl=1 300w, https:\/\/i0.wp.com\/sipearl.com\/wp-content\/uploads\/2026\/05\/Rhea1_bring-up_site_Linkedin_UK-1.jpg?resize=675%2C450&amp;ssl=1 675w, https:\/\/i0.wp.com\/sipearl.com\/wp-content\/uploads\/2026\/05\/Rhea1_bring-up_site_Linkedin_UK-1.jpg?resize=500%2C333&amp;ssl=1 500w\" sizes=\"auto, (max-width: 900px) 100vw, 900px\" \/><\/div><div class=\"w-post-elm post_content usg_post_content_1\"><section class=\"l-section wpb_row height_small\"><div class=\"l-section-h i-cf\"><div class=\"g-cols vc_row via_flex valign_top type_default stacking_default\"><div class=\"vc_col-sm-12 wpb_column vc_column_container\"><div class=\"vc_column-inner\"><div class=\"wpb_wrapper\"><div class=\"g-cols wpb_row via_flex valign_top type_default stacking_default\"><div class=\"vc_col-sm-12 wpb_column vc_column_container\"><div class=\"vc_column-inner\"><div class=\"wpb_wrapper\"><div class=\"wpb_text_column\"><div class=\"wpb_wrapper\"><h3><span style=\"color: #ffffff;\">Inicio de \u00abbring-up\u00bb de Rhea1<\/span><\/h3>\n<p><span style=\"color: #009fe3;\"><strong>26 de mayo de 2026<\/strong><\/span><\/p>\n<p>El 13 de mayo de 2026, SiPearl dio un paso hist\u00f3rico para la soberan\u00eda digital europea al encender el microprocesador Rhea1.<\/p>\n<\/div><\/div><\/div><\/div><\/div><\/div><div class=\"w-separator size_custom\" style=\"height:1rem\"><\/div><div class=\"w-btn-wrapper align_left\"><a class=\"w-btn us-btn-style_2 icon_atleft\" target=\"_blank\" href=\"https:\/\/sipearl.com\/wp-content\/uploads\/2026\/05\/PR_Rhea1_announcement_VDEF.pdf\"><i class=\"fas fa-chevron-right\"><\/i><span class=\"w-btn-label\">Leer (en ingl\u00e9s)<\/span><\/a><\/div><\/div><\/div><\/div><\/div><\/div><\/section>\n<\/div>\t\t<\/div>\r\n\t\t\t<\/article>\r\n\t<article class=\"w-grid-item size_1x1 post-26039 us_portfolio type-us_portfolio status-publish has-post-thumbnail hentry us_portfolio_category-comunicados-de-prensa us_portfolio_tag-124\" data-id=\"26039\">\r\n\t\t<div class=\"w-grid-item-h\">\r\n\t\t\t\t\t\t<div class=\"w-post-elm post_image usg_post_image_1 stretched\"><img loading=\"lazy\" decoding=\"async\" width=\"900\" height=\"600\" src=\"https:\/\/i0.wp.com\/sipearl.com\/wp-content\/uploads\/2026\/06\/AION_SiPearl_gigafactory.jpg?fit=900%2C600&amp;ssl=1\" class=\"attachment-full size-full wp-post-image\" alt=\"\" srcset=\"https:\/\/i0.wp.com\/sipearl.com\/wp-content\/uploads\/2026\/06\/AION_SiPearl_gigafactory.jpg?w=900&amp;ssl=1 900w, https:\/\/i0.wp.com\/sipearl.com\/wp-content\/uploads\/2026\/06\/AION_SiPearl_gigafactory.jpg?resize=300%2C200&amp;ssl=1 300w, https:\/\/i0.wp.com\/sipearl.com\/wp-content\/uploads\/2026\/06\/AION_SiPearl_gigafactory.jpg?resize=675%2C450&amp;ssl=1 675w, https:\/\/i0.wp.com\/sipearl.com\/wp-content\/uploads\/2026\/06\/AION_SiPearl_gigafactory.jpg?resize=500%2C333&amp;ssl=1 500w\" sizes=\"auto, (max-width: 900px) 100vw, 900px\" \/><\/div><div class=\"w-post-elm post_content usg_post_content_1\"><section class=\"l-section wpb_row height_small\"><div class=\"l-section-h i-cf\"><div class=\"g-cols vc_row via_flex valign_top type_default stacking_default\"><div class=\"vc_col-sm-12 wpb_column vc_column_container\"><div class=\"vc_column-inner\"><div class=\"wpb_wrapper\"><div class=\"g-cols wpb_row via_flex valign_top type_default stacking_default\"><div class=\"vc_col-sm-12 wpb_column vc_column_container\"><div class=\"vc_column-inner\"><div class=\"wpb_wrapper\"><div class=\"wpb_text_column\"><div class=\"wpb_wrapper\"><h3><span style=\"color: #ffffff;\">SiPearl, miembro asociado de AION para las gigaf\u00e1bricas de IA<\/span><\/h3>\n<p><span style=\"color: #009fe3;\"><strong>20 de mayo de 2026<\/strong><\/span><\/p>\n<p>Se ha constituido el consorcio AION para presentar una ambiciosa candidatura francesa en el marco del programa europeo de IA gigafactories.<\/p>\n<\/div><\/div><\/div><\/div><\/div><\/div><div class=\"w-separator size_custom\" style=\"height:1rem\"><\/div><div class=\"w-btn-wrapper align_left\"><a class=\"w-btn us-btn-style_2 icon_atleft\" target=\"_blank\" href=\"https:\/\/sipearl.com\/wp-content\/uploads\/2026\/06\/CP_200526_AION_Eng.pdf\"><i class=\"fas fa-chevron-right\"><\/i><span class=\"w-btn-label\">Leer (en ingl\u00e9s)<\/span><\/a><\/div><\/div><\/div><\/div><\/div><\/div><\/section>\n<\/div>\t\t<\/div>\r\n\t\t\t<\/article>\r\n\t<article class=\"w-grid-item size_1x1 post-26043 us_portfolio type-us_portfolio status-publish has-post-thumbnail hentry us_portfolio_category-comunicados-de-prensa\" data-id=\"26043\">\r\n\t\t<div class=\"w-grid-item-h\">\r\n\t\t\t\t\t\t<div class=\"w-post-elm post_image usg_post_image_1 stretched\"><img loading=\"lazy\" decoding=\"async\" width=\"2560\" height=\"1707\" src=\"https:\/\/i0.wp.com\/sipearl.com\/wp-content\/uploads\/2026\/05\/SiPearl_Semidynamics_partnership-scaled-e1778140878559.png?fit=2560%2C1707&amp;ssl=1\" class=\"attachment-full size-full wp-post-image\" alt=\"Partnership with Semidynamics for EU sovereign rack-scale AI solution\" \/><\/div><div class=\"w-post-elm post_content usg_post_content_1\"><section class=\"l-section wpb_row height_small\"><div class=\"l-section-h i-cf\"><div class=\"g-cols vc_row via_flex valign_top type_default stacking_default\"><div class=\"vc_col-sm-12 wpb_column vc_column_container\"><div class=\"vc_column-inner\"><div class=\"wpb_wrapper\"><div class=\"g-cols wpb_row via_flex valign_top type_default stacking_default\"><div class=\"vc_col-sm-12 wpb_column vc_column_container\"><div class=\"vc_column-inner\"><div class=\"wpb_wrapper\"><div class=\"wpb_text_column\"><div class=\"wpb_wrapper\"><h3><span style=\"color: #ffffff;\">Colaboraci\u00f3n para un rack soberano dedicado a la inferencia de IA<\/span><\/h3>\n<p><span style=\"color: #009fe3;\"><strong>7 de mayo de 2026<\/strong><\/span><\/p>\n<p>SiPearl y Semidynamics anuncian su colaboraci\u00f3n para dar respuesta conjuntamente a las necesidades de las IA factories y las IA gigafactories, en particular, con una soluci\u00f3n de rack soberano.<\/p>\n<\/div><\/div><\/div><\/div><\/div><\/div><div class=\"w-separator size_custom\" style=\"height:1rem\"><\/div><div class=\"w-btn-wrapper align_left\"><a class=\"w-btn us-btn-style_2 icon_atleft\" target=\"_blank\" href=\"https:\/\/sipearl.com\/wp-content\/uploads\/2026\/05\/Joint_PR_Semidynamics_and_SiPearl_Announcement_May_7.pdf\"><i class=\"fas fa-chevron-right\"><\/i><span class=\"w-btn-label\">Leer (en ingl\u00e9s)<\/span><\/a><\/div><\/div><\/div><\/div><\/div><\/div><\/section>\n<\/div>\t\t<\/div>\r\n\t\t\t<\/article>\r\n\t<article class=\"w-grid-item size_1x1 post-26399 us_portfolio type-us_portfolio status-publish has-post-thumbnail hentry us_portfolio_category-comunicados-de-prensa\" data-id=\"26399\">\r\n\t\t<div class=\"w-grid-item-h\">\r\n\t\t\t\t\t\t<div class=\"w-post-elm post_image usg_post_image_1 stretched\"><img loading=\"lazy\" decoding=\"async\" width=\"900\" height=\"600\" src=\"https:\/\/i0.wp.com\/sipearl.com\/wp-content\/uploads\/2026\/04\/SiPearl_nomination_Guillaume_Etorre_COO_new_internet.jpg?fit=900%2C600&amp;ssl=1\" class=\"attachment-full size-full wp-post-image\" alt=\"Guillaume Etorre nomination press release as COO\" srcset=\"https:\/\/i0.wp.com\/sipearl.com\/wp-content\/uploads\/2026\/04\/SiPearl_nomination_Guillaume_Etorre_COO_new_internet.jpg?w=900&amp;ssl=1 900w, https:\/\/i0.wp.com\/sipearl.com\/wp-content\/uploads\/2026\/04\/SiPearl_nomination_Guillaume_Etorre_COO_new_internet.jpg?resize=300%2C200&amp;ssl=1 300w, https:\/\/i0.wp.com\/sipearl.com\/wp-content\/uploads\/2026\/04\/SiPearl_nomination_Guillaume_Etorre_COO_new_internet.jpg?resize=675%2C450&amp;ssl=1 675w, https:\/\/i0.wp.com\/sipearl.com\/wp-content\/uploads\/2026\/04\/SiPearl_nomination_Guillaume_Etorre_COO_new_internet.jpg?resize=500%2C333&amp;ssl=1 500w\" sizes=\"auto, (max-width: 900px) 100vw, 900px\" \/><\/div><div class=\"w-post-elm post_content usg_post_content_1\"><section class=\"l-section wpb_row height_small\"><div class=\"l-section-h i-cf\"><div class=\"g-cols vc_row via_flex valign_top type_default stacking_default\"><div class=\"vc_col-sm-12 wpb_column vc_column_container\"><div class=\"vc_column-inner\"><div class=\"wpb_wrapper\"><div class=\"g-cols wpb_row via_flex valign_top type_default stacking_default\"><div class=\"vc_col-sm-12 wpb_column vc_column_container\"><div class=\"vc_column-inner\"><div class=\"wpb_wrapper\"><div class=\"wpb_text_column\"><div class=\"wpb_wrapper\"><h3><span style=\"color: #ffffff;\">Guillaume Etorre, Chief Operating Officer<\/span><\/h3>\n<p><span style=\"color: #009fe3;\"><strong>28 de abril de 2026<\/strong><\/span><\/p>\n<p>Guillaume Etorre tiene el encargo de acelerar la transici\u00f3n de SiPearl, que pasar\u00e1 de ser una start-up especializada en I+D a convertirse en una empresa europea l\u00edder en el sector de los semiconductores.<\/p>\n<\/div><\/div><\/div><\/div><\/div><\/div><div class=\"w-separator size_custom\" style=\"height:1rem\"><\/div><div class=\"w-btn-wrapper align_left\"><a class=\"w-btn us-btn-style_2 icon_atleft\" target=\"_blank\" href=\"https:\/\/sipearl.com\/wp-content\/uploads\/2026\/04\/PR_SiPearl_nomination_COO_Guillaume_Etorre_VDEF.pdf\"><i class=\"fas fa-chevron-right\"><\/i><span class=\"w-btn-label\">Leer (en ingl\u00e9s)<\/span><\/a><\/div><\/div><\/div><\/div><\/div><\/div><\/section>\n<\/div>\t\t<\/div>\r\n\t\t\t<\/article>\r\n\t<article class=\"w-grid-item size_1x1 post-26060 us_portfolio type-us_portfolio status-publish has-post-thumbnail hentry us_portfolio_category-comunicados-de-prensa\" data-id=\"26060\">\r\n\t\t<div class=\"w-grid-item-h\">\r\n\t\t\t\t\t\t<div class=\"w-post-elm post_image usg_post_image_1 stretched\"><img loading=\"lazy\" decoding=\"async\" width=\"900\" height=\"600\" src=\"https:\/\/i0.wp.com\/sipearl.com\/wp-content\/uploads\/2026\/06\/IT4lia_SiPearl.jpg?fit=900%2C600&amp;ssl=1\" class=\"attachment-full size-full wp-post-image\" alt=\"\" srcset=\"https:\/\/i0.wp.com\/sipearl.com\/wp-content\/uploads\/2026\/06\/IT4lia_SiPearl.jpg?w=900&amp;ssl=1 900w, https:\/\/i0.wp.com\/sipearl.com\/wp-content\/uploads\/2026\/06\/IT4lia_SiPearl.jpg?resize=300%2C200&amp;ssl=1 300w, https:\/\/i0.wp.com\/sipearl.com\/wp-content\/uploads\/2026\/06\/IT4lia_SiPearl.jpg?resize=675%2C450&amp;ssl=1 675w, https:\/\/i0.wp.com\/sipearl.com\/wp-content\/uploads\/2026\/06\/IT4lia_SiPearl.jpg?resize=500%2C333&amp;ssl=1 500w\" sizes=\"auto, (max-width: 900px) 100vw, 900px\" \/><\/div><div class=\"w-post-elm post_content usg_post_content_1\"><section class=\"l-section wpb_row height_small\"><div class=\"l-section-h i-cf\"><div class=\"g-cols vc_row via_flex valign_top type_default stacking_default\"><div class=\"vc_col-sm-12 wpb_column vc_column_container\"><div class=\"vc_column-inner\"><div class=\"wpb_wrapper\"><div class=\"g-cols wpb_row via_flex valign_top type_default stacking_default\"><div class=\"vc_col-sm-12 wpb_column vc_column_container\"><div class=\"vc_column-inner\"><div class=\"wpb_wrapper\"><div class=\"wpb_text_column\"><div class=\"wpb_wrapper\"><h3><span style=\"color: #ffffff;\">Las CPU de SiPearl en el supercomputador IT4LIA<\/span><\/h3>\n<p><span style=\"color: #009fe3;\"><strong>22 de abril de 2026<\/strong><\/span><\/p>\n<p>Los microprocesadores de SiPearl, junto con los aceleradores Axelera AI, alimentar\u00e1n la partici\u00f3n de inferencia de IA del supercomputador IT4LIA.<\/p>\n<\/div><\/div><\/div><\/div><\/div><\/div><div class=\"w-separator size_custom\" style=\"height:1rem\"><\/div><div class=\"w-btn-wrapper align_left\"><a class=\"w-btn us-btn-style_2 icon_atleft\" target=\"_blank\" href=\"https:\/\/www.eurohpc-ju.europa.eu\/eurohpc-ju-signs-contract-boost-ai-capabilities-it4lia-ai-factory-2026-04-22_en\"><i class=\"fas fa-chevron-right\"><\/i><span class=\"w-btn-label\">Comunicado de prensa de EuroHPC<\/span><\/a><\/div><\/div><\/div><\/div><\/div><\/div><\/section>\n<\/div>\t\t<\/div>\r\n\t\t\t<\/article>\r\n\t<article class=\"w-grid-item size_1x1 post-25916 us_portfolio type-us_portfolio status-publish has-post-thumbnail hentry us_portfolio_category-comunicados-de-prensa\" data-id=\"25916\">\r\n\t\t<div class=\"w-grid-item-h\">\r\n\t\t\t\t\t\t<div class=\"w-post-elm post_image usg_post_image_1 stretched\"><img loading=\"lazy\" decoding=\"async\" width=\"1800\" height=\"1200\" src=\"https:\/\/i0.wp.com\/sipearl.com\/wp-content\/uploads\/2025\/11\/SiPearl_Alice_Recoque.jpg?fit=1800%2C1200&amp;ssl=1\" class=\"attachment-full size-full wp-post-image\" alt=\"\" srcset=\"https:\/\/i0.wp.com\/sipearl.com\/wp-content\/uploads\/2025\/11\/SiPearl_Alice_Recoque.jpg?w=1800&amp;ssl=1 1800w, https:\/\/i0.wp.com\/sipearl.com\/wp-content\/uploads\/2025\/11\/SiPearl_Alice_Recoque.jpg?resize=300%2C200&amp;ssl=1 300w, https:\/\/i0.wp.com\/sipearl.com\/wp-content\/uploads\/2025\/11\/SiPearl_Alice_Recoque.jpg?resize=1024%2C683&amp;ssl=1 1024w, https:\/\/i0.wp.com\/sipearl.com\/wp-content\/uploads\/2025\/11\/SiPearl_Alice_Recoque.jpg?resize=675%2C450&amp;ssl=1 675w, https:\/\/i0.wp.com\/sipearl.com\/wp-content\/uploads\/2025\/11\/SiPearl_Alice_Recoque.jpg?resize=500%2C333&amp;ssl=1 500w\" sizes=\"auto, (max-width: 1480px) 100vw, 1480px\" \/><\/div><div class=\"w-post-elm post_content usg_post_content_1\"><section class=\"l-section wpb_row height_small\"><div class=\"l-section-h i-cf\"><div class=\"g-cols vc_row via_flex valign_top type_default stacking_default\"><div class=\"vc_col-sm-12 wpb_column vc_column_container\"><div class=\"vc_column-inner\"><div class=\"wpb_wrapper\"><div class=\"g-cols wpb_row via_flex valign_top type_default stacking_default\"><div class=\"vc_col-sm-12 wpb_column vc_column_container\"><div class=\"vc_column-inner\"><div class=\"wpb_wrapper\"><div class=\"wpb_text_column\"><div class=\"wpb_wrapper\"><h3><span style=\"color: #ffffff;\">SiPearl, seleccionada para Alice Recoque<\/span><\/h3>\n<p><span style=\"color: #009fe3;\"><strong>18 de noviembre de 2025<\/strong><\/span><\/p>\n<p>SiPearl equipar\u00e1 el nuevo supercomputador franc\u00e9s de exaescala, Alice Recoque, que ser\u00e1 construido por Eviden.<\/p>\n<p>Leer los communicados de prensa:<\/p>\n<\/div><\/div><\/div><\/div><\/div><\/div><div class=\"w-separator size_custom\" style=\"height:1rem\"><\/div><div class=\"w-btn-wrapper align_left\"><a class=\"w-btn us-btn-style_2 icon_atleft\" target=\"_blank\" href=\"https:\/\/www.genci.fr\/actualites\/eurohpc-ju-and-jules-verne-consortium-selected-eviden-deliver-alice-recoque-new-european\"><i class=\"fas fa-chevron-right\"><\/i><span class=\"w-btn-label\">Communicado de prensa de GENCI<\/span><\/a><\/div><div class=\"w-btn-wrapper align_left\"><a class=\"w-btn us-btn-style_2 icon_atleft\" target=\"_blank\" href=\"https:\/\/eviden.com\/insights\/press-releases\/eviden-and-amd-to-power-europe-s-new-exascale-supercomputer-the-first-based-in-france\/\"><i class=\"fas fa-chevron-right\"><\/i><span class=\"w-btn-label\">Communicado de prensa de Eviden<\/span><\/a><\/div><\/div><\/div><\/div><\/div><\/div><\/section>\n<\/div>\t\t<\/div>\r\n\t\t\t<\/article>\r\n\t<article class=\"w-grid-item size_1x1 post-26956 us_portfolio type-us_portfolio status-publish has-post-thumbnail hentry us_portfolio_category-comunicados-de-prensa\" data-id=\"26956\">\r\n\t\t<div class=\"w-grid-item-h\">\r\n\t\t\t\t\t\t<div class=\"w-post-elm post_image usg_post_image_1 stretched\"><img loading=\"lazy\" decoding=\"async\" width=\"900\" height=\"600\" src=\"https:\/\/i0.wp.com\/sipearl.com\/wp-content\/uploads\/2025\/10\/SiPearl_Athena1_dual-use-processor.jpg?fit=900%2C600&amp;ssl=1\" class=\"attachment-full size-full wp-post-image\" alt=\"Dual-use processor Athena1\" srcset=\"https:\/\/i0.wp.com\/sipearl.com\/wp-content\/uploads\/2025\/10\/SiPearl_Athena1_dual-use-processor.jpg?w=900&amp;ssl=1 900w, https:\/\/i0.wp.com\/sipearl.com\/wp-content\/uploads\/2025\/10\/SiPearl_Athena1_dual-use-processor.jpg?resize=300%2C200&amp;ssl=1 300w, https:\/\/i0.wp.com\/sipearl.com\/wp-content\/uploads\/2025\/10\/SiPearl_Athena1_dual-use-processor.jpg?resize=675%2C450&amp;ssl=1 675w, https:\/\/i0.wp.com\/sipearl.com\/wp-content\/uploads\/2025\/10\/SiPearl_Athena1_dual-use-processor.jpg?resize=500%2C333&amp;ssl=1 500w\" sizes=\"auto, (max-width: 900px) 100vw, 900px\" \/><\/div><div class=\"w-post-elm post_content usg_post_content_1\"><section class=\"l-section wpb_row height_small\"><div class=\"l-section-h i-cf\"><div class=\"g-cols vc_row via_flex valign_top type_default stacking_default\"><div class=\"vc_col-sm-12 wpb_column vc_column_container\"><div class=\"vc_column-inner\"><div class=\"wpb_wrapper\"><div class=\"g-cols wpb_row via_flex valign_top type_default stacking_default\"><div class=\"vc_col-sm-12 wpb_column vc_column_container\"><div class=\"vc_column-inner\"><div class=\"wpb_wrapper\"><div class=\"wpb_text_column\"><div class=\"wpb_wrapper\"><h3><span style=\"color: #ffffff;\">Lanzamiento de Athena1, el microprocesador aut\u00f3nomo de doble uso<\/span><\/h3>\n<p><span style=\"color: #009fe3;\"><strong>2 de octubre de 2025<\/strong><\/span><\/p>\n<p>Athena1 ofrecer\u00e1 caracter\u00edsticas especialmente adaptadas a las cargas de trabajo de las aplicaciones destinadas a los sectores gubernamental, de defensa y aeroespacial. <\/p>\n<\/div><\/div><\/div><\/div><\/div><\/div><div class=\"w-separator size_custom\" style=\"height:1rem\"><\/div><div class=\"w-btn-wrapper align_left\"><a class=\"w-btn us-btn-style_2 icon_atleft\" target=\"_blank\" href=\"https:\/\/sipearl.com\/wp-content\/uploads\/2025\/06\/PR_SiPearl_Seine_Reference_Server_VDEF.pdf\"><i class=\"fas fa-chevron-right\"><\/i><span class=\"w-btn-label\">Leer (en ingl\u00e9s)<\/span><\/a><\/div><\/div><\/div><\/div><\/div><\/div><\/section>\n<\/div>\t\t<\/div>\r\n\t\t\t<\/article>\r\n\t<article class=\"w-grid-item size_1x1 post-26959 us_portfolio type-us_portfolio status-publish has-post-thumbnail hentry us_portfolio_category-comunicados-de-prensa\" data-id=\"26959\">\r\n\t\t<div class=\"w-grid-item-h\">\r\n\t\t\t\t\t\t<div class=\"w-post-elm post_image usg_post_image_1 stretched\"><img loading=\"lazy\" decoding=\"async\" width=\"900\" height=\"600\" src=\"https:\/\/i0.wp.com\/sipearl.com\/wp-content\/uploads\/2025\/07\/SiPearl_Closing_SeriesA.jpg?fit=900%2C600&amp;ssl=1\" class=\"attachment-full size-full wp-post-image\" alt=\"\" srcset=\"https:\/\/i0.wp.com\/sipearl.com\/wp-content\/uploads\/2025\/07\/SiPearl_Closing_SeriesA.jpg?w=900&amp;ssl=1 900w, https:\/\/i0.wp.com\/sipearl.com\/wp-content\/uploads\/2025\/07\/SiPearl_Closing_SeriesA.jpg?resize=300%2C200&amp;ssl=1 300w, https:\/\/i0.wp.com\/sipearl.com\/wp-content\/uploads\/2025\/07\/SiPearl_Closing_SeriesA.jpg?resize=675%2C450&amp;ssl=1 675w, https:\/\/i0.wp.com\/sipearl.com\/wp-content\/uploads\/2025\/07\/SiPearl_Closing_SeriesA.jpg?resize=500%2C333&amp;ssl=1 500w\" sizes=\"auto, (max-width: 900px) 100vw, 900px\" \/><\/div><div class=\"w-post-elm post_content usg_post_content_1\"><section class=\"l-section wpb_row height_small\"><div class=\"l-section-h i-cf\"><div class=\"g-cols vc_row via_flex valign_top type_default stacking_default\"><div class=\"vc_col-sm-12 wpb_column vc_column_container\"><div class=\"vc_column-inner\"><div class=\"wpb_wrapper\"><div class=\"g-cols wpb_row via_flex valign_top type_default stacking_default\"><div class=\"vc_col-sm-12 wpb_column vc_column_container\"><div class=\"vc_column-inner\"><div class=\"wpb_wrapper\"><div class=\"wpb_text_column\"><div class=\"wpb_wrapper\"><h3><span style=\"color: #ffffff;\">130 millones de euros con Cathay Venture, EIC y France 2030 \/ Tape-out de Rhea1<\/span><\/h3>\n<p><span style=\"color: #009fe3;\"><strong>8 de julio de 2025<\/strong><\/span><\/p>\n<p>Leer el comunicado de prensa:<\/p>\n<\/div><\/div><\/div><\/div><\/div><\/div><div class=\"w-separator size_custom\" style=\"height:1rem\"><\/div><div class=\"w-btn-wrapper align_left\"><a class=\"w-btn us-btn-style_2 icon_atleft\" target=\"_blank\" href=\"https:\/\/sipearl.com\/wp-content\/uploads\/2025\/07\/Francais_version.pdf\"><i class=\"fas fa-chevron-right\"><\/i><span class=\"w-btn-label\">en franc\u00e9s<\/span><\/a><\/div><div class=\"w-btn-wrapper align_left\"><a class=\"w-btn us-btn-style_2 icon_atleft\" target=\"_blank\" href=\"https:\/\/sipearl.com\/wp-content\/uploads\/2025\/07\/English_version.pdf\"><i class=\"fas fa-chevron-right\"><\/i><span class=\"w-btn-label\">en ingl\u00e9s<\/span><\/a><\/div><div class=\"w-btn-wrapper align_left\"><a class=\"w-btn us-btn-style_2 icon_atleft\" target=\"_blank\" href=\"https:\/\/sipearl.com\/wp-content\/uploads\/2025\/07\/Spanish_version.pdf\"><i class=\"fas fa-chevron-right\"><\/i><span class=\"w-btn-label\">en ingl\u00e9s<\/span><\/a><\/div><div class=\"w-btn-wrapper align_left\"><a class=\"w-btn us-btn-style_2 icon_atleft\" target=\"_blank\" href=\"https:\/\/sipearl.com\/wp-content\/uploads\/2025\/07\/Italian_version.pdf\"><i class=\"fas fa-chevron-right\"><\/i><span class=\"w-btn-label\">en italiano<\/span><\/a><\/div><\/div><\/div><\/div><\/div><\/div><\/section>\n<\/div>\t\t<\/div>\r\n\t\t\t<\/article>\r\n\t<article class=\"w-grid-item size_1x1 post-26963 us_portfolio type-us_portfolio status-publish has-post-thumbnail hentry us_portfolio_category-comunicados-de-prensa\" data-id=\"26963\">\r\n\t\t<div class=\"w-grid-item-h\">\r\n\t\t\t\t\t\t<div class=\"w-post-elm post_image usg_post_image_1 stretched\"><img loading=\"lazy\" decoding=\"async\" width=\"2339\" height=\"1557\" src=\"https:\/\/i0.wp.com\/sipearl.com\/wp-content\/uploads\/2025\/06\/SiPearl_Seine_Reference_Server.jpg?fit=2339%2C1557&amp;ssl=1\" class=\"attachment-full size-full wp-post-image\" alt=\"\" srcset=\"https:\/\/i0.wp.com\/sipearl.com\/wp-content\/uploads\/2025\/06\/SiPearl_Seine_Reference_Server.jpg?w=2339&amp;ssl=1 2339w, https:\/\/i0.wp.com\/sipearl.com\/wp-content\/uploads\/2025\/06\/SiPearl_Seine_Reference_Server.jpg?resize=300%2C200&amp;ssl=1 300w, https:\/\/i0.wp.com\/sipearl.com\/wp-content\/uploads\/2025\/06\/SiPearl_Seine_Reference_Server.jpg?resize=1024%2C682&amp;ssl=1 1024w, https:\/\/i0.wp.com\/sipearl.com\/wp-content\/uploads\/2025\/06\/SiPearl_Seine_Reference_Server.jpg?resize=676%2C450&amp;ssl=1 676w, https:\/\/i0.wp.com\/sipearl.com\/wp-content\/uploads\/2025\/06\/SiPearl_Seine_Reference_Server.jpg?resize=500%2C333&amp;ssl=1 500w\" sizes=\"auto, (max-width: 1480px) 100vw, 1480px\" \/><\/div><div class=\"w-post-elm post_content usg_post_content_1\"><section class=\"l-section wpb_row height_small\"><div class=\"l-section-h i-cf\"><div class=\"g-cols vc_row via_flex valign_top type_default stacking_default\"><div class=\"vc_col-sm-12 wpb_column vc_column_container\"><div class=\"vc_column-inner\"><div class=\"wpb_wrapper\"><div class=\"g-cols wpb_row via_flex valign_top type_default stacking_default\"><div class=\"vc_col-sm-12 wpb_column vc_column_container\"><div class=\"vc_column-inner\"><div class=\"wpb_wrapper\"><div class=\"wpb_text_column\"><div class=\"wpb_wrapper\"><h3><span style=\"color: #ffffff;\">Lanzamiento de Seine Reference Server\u00a0\u00a0<\/span><\/h3>\n<p><span style=\"color: #009fe3;\"><strong>10 de junio de 2025<\/strong><\/span><\/p>\n<p>SiPearl lanza Seine Reference Server, una soluci\u00f3n modular de servidor de referencia dedicada a Rhea1, su primera gama de microprocesadores.<\/p>\n<\/div><\/div><\/div><\/div><\/div><\/div><div class=\"w-separator size_custom\" style=\"height:1rem\"><\/div><div class=\"w-btn-wrapper align_left\"><a class=\"w-btn us-btn-style_2 icon_atleft\" target=\"_blank\" href=\"https:\/\/sipearl.com\/wp-content\/uploads\/2025\/06\/PR_SiPearl_Seine_Reference_Server_VDEF.pdf\"><i class=\"fas fa-chevron-right\"><\/i><span class=\"w-btn-label\">Leer (en ingl\u00e9s)<\/span><\/a><\/div><\/div><\/div><\/div><\/div><\/div><\/section>\n<\/div>\t\t<\/div>\r\n\t\t\t<\/article>\r\n\t<article class=\"w-grid-item size_1x1 post-26973 us_portfolio type-us_portfolio status-publish has-post-thumbnail hentry us_portfolio_category-comunicados-de-prensa us_portfolio_tag-129\" data-id=\"26973\">\r\n\t\t<div class=\"w-grid-item-h\">\r\n\t\t\t\t\t\t<div class=\"w-post-elm post_image usg_post_image_1 stretched\"><img loading=\"lazy\" decoding=\"async\" width=\"900\" height=\"600\" src=\"https:\/\/i0.wp.com\/sipearl.com\/wp-content\/uploads\/2025\/03\/SIPearl_Gael_Paul.jpg?fit=900%2C600&amp;ssl=1\" class=\"attachment-full size-full wp-post-image\" alt=\"Gael Paul Senior Vice President Engineering\" srcset=\"https:\/\/i0.wp.com\/sipearl.com\/wp-content\/uploads\/2025\/03\/SIPearl_Gael_Paul.jpg?w=900&amp;ssl=1 900w, https:\/\/i0.wp.com\/sipearl.com\/wp-content\/uploads\/2025\/03\/SIPearl_Gael_Paul.jpg?resize=300%2C200&amp;ssl=1 300w, https:\/\/i0.wp.com\/sipearl.com\/wp-content\/uploads\/2025\/03\/SIPearl_Gael_Paul.jpg?resize=675%2C450&amp;ssl=1 675w, https:\/\/i0.wp.com\/sipearl.com\/wp-content\/uploads\/2025\/03\/SIPearl_Gael_Paul.jpg?resize=500%2C333&amp;ssl=1 500w\" sizes=\"auto, (max-width: 900px) 100vw, 900px\" \/><\/div><div class=\"w-post-elm post_content usg_post_content_1\"><section class=\"l-section wpb_row height_small\"><div class=\"l-section-h i-cf\"><div class=\"g-cols vc_row via_flex valign_top type_default stacking_default\"><div class=\"vc_col-sm-12 wpb_column vc_column_container\"><div class=\"vc_column-inner\"><div class=\"wpb_wrapper\"><div class=\"g-cols wpb_row via_flex valign_top type_default stacking_default\"><div class=\"vc_col-sm-12 wpb_column vc_column_container\"><div class=\"vc_column-inner\"><div class=\"wpb_wrapper\"><div class=\"wpb_text_column\"><div class=\"wpb_wrapper\"><h3><span style=\"color: #ffffff;\">Gael Paul,<br \/>\nSenior Vice-President Engineering<\/span><\/h3>\n<p><span style=\"color: #009fe3;\"><strong>25 de marzo de 2025<\/strong><\/span><\/p>\n<p>Gael Paul es la mano derecha del director general y fundador en materia de investigaci\u00f3n y desarrollo y gesti\u00f3n de programas, y dirige los equipos correspondientes.<\/p>\n<\/div><\/div><\/div><\/div><\/div><\/div><div class=\"w-separator size_custom\" style=\"height:1rem\"><\/div><div class=\"w-btn-wrapper align_left\"><a class=\"w-btn us-btn-style_2 icon_atleft\" target=\"_blank\" href=\"https:\/\/sipearl.com\/wp-content\/uploads\/2025\/03\/PR_SiPearl_nomination_VP_Engineering_Gael_Paul_EN_VDEF.pdf\"><i class=\"fas fa-chevron-right\"><\/i><span class=\"w-btn-label\">Leer (en ingl\u00e9s)<\/span><\/a><\/div><\/div><\/div><\/div><\/div><\/div><\/section>\n<\/div>\t\t<\/div>\r\n\t\t\t<\/article>\r\n\t<article class=\"w-grid-item size_1x1 post-26977 us_portfolio type-us_portfolio status-publish has-post-thumbnail hentry us_portfolio_category-comunicados-de-prensa us_portfolio_tag-135\" data-id=\"26977\">\r\n\t\t<div class=\"w-grid-item-h\">\r\n\t\t\t\t\t\t<div class=\"w-post-elm post_image usg_post_image_1 stretched\"><img loading=\"lazy\" decoding=\"async\" width=\"900\" height=\"600\" src=\"https:\/\/i0.wp.com\/sipearl.com\/wp-content\/uploads\/2024\/05\/SiPearl_partnership_Samsung.jpg?fit=900%2C600&amp;ssl=1\" class=\"attachment-full size-full wp-post-image\" alt=\"\" srcset=\"https:\/\/i0.wp.com\/sipearl.com\/wp-content\/uploads\/2024\/05\/SiPearl_partnership_Samsung.jpg?w=900&amp;ssl=1 900w, https:\/\/i0.wp.com\/sipearl.com\/wp-content\/uploads\/2024\/05\/SiPearl_partnership_Samsung.jpg?resize=300%2C200&amp;ssl=1 300w\" sizes=\"auto, (max-width: 900px) 100vw, 900px\" \/><\/div><div class=\"w-post-elm post_content usg_post_content_1\"><section class=\"l-section wpb_row height_small\"><div class=\"l-section-h i-cf\"><div class=\"g-cols vc_row via_flex valign_top type_default stacking_default\"><div class=\"vc_col-sm-12 wpb_column vc_column_container\"><div class=\"vc_column-inner\"><div class=\"wpb_wrapper\"><div class=\"g-cols wpb_row via_flex valign_top type_default stacking_default\"><div class=\"vc_col-sm-12 wpb_column vc_column_container\"><div class=\"vc_column-inner\"><div class=\"wpb_wrapper\"><div class=\"wpb_text_column\"><div class=\"wpb_wrapper\"><h3><span style=\"color: #ffffff;\">Colaboraci\u00f3n con Samsung Electronics<\/span><\/h3>\n<p><span style=\"color: #009fe3;\"><strong>14 de mayo de 2024<\/strong><\/span><\/p>\n<p>SiPearl se ha asociado con Samsung Electronics para ejecutar cargas de trabajo de c\u00e1lculo intensivo e inteligencia artificial con el m\u00e1ximo rendimiento y eficiencia energ\u00e9tica.<\/p>\n<\/div><\/div><\/div><\/div><\/div><\/div><div class=\"w-separator size_custom\" style=\"height:1rem\"><\/div><div class=\"w-btn-wrapper align_left\"><a class=\"w-btn us-btn-style_2 icon_atleft\" target=\"_blank\" href=\"https:\/\/sipearl.com\/wp-content\/uploads\/2024\/05\/PR_SiPearl_partnership_Samsung_EN.pdf\"><i class=\"fas fa-chevron-right\"><\/i><span class=\"w-btn-label\">Leer (en ingl\u00e9s)<\/span><\/a><\/div><\/div><\/div><\/div><\/div><\/div><\/section>\n<\/div>\t\t<\/div>\r\n\t\t\t<\/article>\r\n\t<article class=\"w-grid-item size_1x1 post-26985 us_portfolio type-us_portfolio status-publish has-post-thumbnail hentry us_portfolio_category-comunicados-de-prensa us_portfolio_tag-135\" data-id=\"26985\">\r\n\t\t<div class=\"w-grid-item-h\">\r\n\t\t\t\t\t\t<div class=\"w-post-elm post_image usg_post_image_1 stretched\"><img loading=\"lazy\" decoding=\"async\" width=\"900\" height=\"600\" src=\"https:\/\/i0.wp.com\/sipearl.com\/wp-content\/uploads\/2024\/05\/SiPearl_Italy_international_subsidiary.jpg?fit=900%2C600&amp;ssl=1\" class=\"attachment-full size-full wp-post-image\" alt=\"\" srcset=\"https:\/\/i0.wp.com\/sipearl.com\/wp-content\/uploads\/2024\/05\/SiPearl_Italy_international_subsidiary.jpg?w=900&amp;ssl=1 900w, https:\/\/i0.wp.com\/sipearl.com\/wp-content\/uploads\/2024\/05\/SiPearl_Italy_international_subsidiary.jpg?resize=300%2C200&amp;ssl=1 300w\" sizes=\"auto, (max-width: 900px) 100vw, 900px\" \/><\/div><div class=\"w-post-elm post_content usg_post_content_1\"><section class=\"l-section wpb_row height_small\"><div class=\"l-section-h i-cf\"><div class=\"g-cols vc_row via_flex valign_top type_default stacking_default\"><div class=\"vc_col-sm-12 wpb_column vc_column_container\"><div class=\"vc_column-inner\"><div class=\"wpb_wrapper\"><div class=\"g-cols wpb_row via_flex valign_top type_default stacking_default\"><div class=\"vc_col-sm-12 wpb_column vc_column_container\"><div class=\"vc_column-inner\"><div class=\"wpb_wrapper\"><div class=\"wpb_text_column\"><div class=\"wpb_wrapper\"><h3><span style=\"color: #ffffff;\">SiPearl elige Italia para su tercera filial internacional<\/span><\/h3>\n<p><span style=\"color: #009fe3;\"><strong>13 de mayo de 2024<\/strong><\/span><\/p>\n<p>SiPearl abrir\u00e1 en junio su tercera filial operativa en el extranjero. Matteo Tonelli ser\u00e1 nombrado director de la misma.<\/p>\n<\/div><\/div><\/div><\/div><\/div><\/div><div class=\"w-separator size_custom\" style=\"height:1rem\"><\/div><div class=\"w-btn-wrapper align_left\"><a class=\"w-btn us-btn-style_2 icon_atleft\" target=\"_blank\" href=\"https:\/\/sipearl.com\/wp-content\/uploads\/2024\/05\/PR_SiPearl_Opening_Italian_subsidiary_Bologna.pdf\"><i class=\"fas fa-chevron-right\"><\/i><span class=\"w-btn-label\">Leer (en ingl\u00e9s)<\/span><\/a><\/div><\/div><\/div><\/div><\/div><\/div><\/section><section class=\"l-section wpb_row height_medium\"><div class=\"l-section-h i-cf\"><div class=\"g-cols vc_row via_flex valign_top type_default stacking_default\"><div class=\"vc_col-sm-12 wpb_column vc_column_container\"><div class=\"vc_column-inner\"><div class=\"wpb_wrapper\"><div class=\"wpb_text_column\"><div class=\"wpb_wrapper\"><\/div><\/div><\/div><\/div><\/div><\/div><\/div><\/section>\n<\/div>\t\t<\/div>\r\n\t\t\t<\/article>\r\n\t<article class=\"w-grid-item size_1x1 post-26981 us_portfolio type-us_portfolio status-publish has-post-thumbnail hentry us_portfolio_category-comunicados-de-prensa us_portfolio_tag-135\" data-id=\"26981\">\r\n\t\t<div class=\"w-grid-item-h\">\r\n\t\t\t\t\t\t<div class=\"w-post-elm post_image usg_post_image_1 stretched\"><img loading=\"lazy\" decoding=\"async\" width=\"900\" height=\"600\" src=\"https:\/\/i0.wp.com\/sipearl.com\/wp-content\/uploads\/2026\/02\/Rhea1_site.png?fit=900%2C600&amp;ssl=1\" class=\"attachment-full size-full wp-post-image\" alt=\"\" srcset=\"https:\/\/i0.wp.com\/sipearl.com\/wp-content\/uploads\/2026\/02\/Rhea1_site.png?w=900&amp;ssl=1 900w, https:\/\/i0.wp.com\/sipearl.com\/wp-content\/uploads\/2026\/02\/Rhea1_site.png?resize=300%2C200&amp;ssl=1 300w, https:\/\/i0.wp.com\/sipearl.com\/wp-content\/uploads\/2026\/02\/Rhea1_site.png?resize=675%2C450&amp;ssl=1 675w, https:\/\/i0.wp.com\/sipearl.com\/wp-content\/uploads\/2026\/02\/Rhea1_site.png?resize=500%2C333&amp;ssl=1 500w\" sizes=\"auto, (max-width: 900px) 100vw, 900px\" \/><\/div><div class=\"w-post-elm post_content usg_post_content_1\"><section class=\"l-section wpb_row height_small\"><div class=\"l-section-h i-cf\"><div class=\"g-cols vc_row via_flex valign_top type_default stacking_default\"><div class=\"vc_col-sm-12 wpb_column vc_column_container\"><div class=\"vc_column-inner\"><div class=\"wpb_wrapper\"><div class=\"g-cols wpb_row via_flex valign_top type_default stacking_default\"><div class=\"vc_col-sm-12 wpb_column vc_column_container\"><div class=\"vc_column-inner\"><div class=\"wpb_wrapper\"><div class=\"wpb_text_column\"><div class=\"wpb_wrapper\"><h3><span style=\"color: #ffffff;\">Rhea1, caracter\u00edsticas clave para la supercomputaci\u00f3n y la IA<\/span><\/h3>\n<p><span style=\"color: #009fe3;\"><strong>13 de mayo de 2024<\/strong><\/span><\/p>\n<p>SiPearl da a conocer las principales caracter\u00edsticas de Rhea1, su primera generaci\u00f3n de microprocesadores dedicados a la supercomputaci\u00f3n y la inteligencia artificial.<\/p>\n<\/div><\/div><\/div><\/div><\/div><\/div><div class=\"w-separator size_custom\" style=\"height:1rem\"><\/div><div class=\"w-btn-wrapper align_left\"><a class=\"w-btn us-btn-style_2 icon_atleft\" target=\"_blank\" href=\"https:\/\/sipearl.com\/wp-content\/uploads\/2024\/05\/PR_SiPearl_Rhea1_EN.pdf\"><i class=\"fas fa-chevron-right\"><\/i><span class=\"w-btn-label\">Leer (en ingl\u00e9s)<\/span><\/a><\/div><\/div><\/div><\/div><\/div><\/div><\/section>\n<\/div>\t\t<\/div>\r\n\t\t\t<\/article>\r\n\t<article class=\"w-grid-item size_1x1 post-26989 us_portfolio type-us_portfolio status-publish has-post-thumbnail hentry us_portfolio_category-comunicados-de-prensa us_portfolio_tag-135\" data-id=\"26989\">\r\n\t\t<div class=\"w-grid-item-h\">\r\n\t\t\t\t\t\t<div class=\"w-post-elm post_image usg_post_image_1 stretched\"><img loading=\"lazy\" decoding=\"async\" width=\"900\" height=\"600\" src=\"https:\/\/i0.wp.com\/sipearl.com\/wp-content\/uploads\/2024\/02\/Visuel-Cornelia.jpg?fit=900%2C600&amp;ssl=1\" class=\"attachment-full size-full wp-post-image\" alt=\"SiPearl Group General Counsel\" srcset=\"https:\/\/i0.wp.com\/sipearl.com\/wp-content\/uploads\/2024\/02\/Visuel-Cornelia.jpg?w=900&amp;ssl=1 900w, https:\/\/i0.wp.com\/sipearl.com\/wp-content\/uploads\/2024\/02\/Visuel-Cornelia.jpg?resize=300%2C200&amp;ssl=1 300w\" sizes=\"auto, (max-width: 900px) 100vw, 900px\" \/><\/div><div class=\"w-post-elm post_content usg_post_content_1\"><section class=\"l-section wpb_row height_small\"><div class=\"l-section-h i-cf\"><div class=\"g-cols vc_row via_flex valign_top type_default stacking_default\"><div class=\"vc_col-sm-12 wpb_column vc_column_container\"><div class=\"vc_column-inner\"><div class=\"wpb_wrapper\"><div class=\"g-cols wpb_row via_flex valign_top type_default stacking_default\"><div class=\"vc_col-sm-12 wpb_column vc_column_container\"><div class=\"vc_column-inner\"><div class=\"wpb_wrapper\"><div class=\"wpb_text_column\"><div class=\"wpb_wrapper\"><h3><span style=\"color: #ffffff;\">Cornelia Emmerlich, directora jur\u00eddica del grupo<\/span><\/h3>\n<p><span style=\"color: #009fe3;\"><strong>6 de febrero de 2024<\/strong><\/span><\/p>\n<p>Es responsable de todas las cuestiones jur\u00eddicas y de cumplimiento normativo, de la gesti\u00f3n jur\u00eddica de las pr\u00f3ximas rondas de financiaci\u00f3n y de la secretar\u00eda jur\u00eddica.<\/p>\n<\/div><\/div><\/div><\/div><\/div><\/div><div class=\"w-separator size_custom\" style=\"height:1rem\"><\/div><div class=\"w-btn-wrapper align_left\"><a class=\"w-btn us-btn-style_2 icon_atleft\" target=\"_blank\" href=\"https:\/\/sipearl.com\/wp-content\/uploads\/2024\/02\/PR_SiPearl_nomination-Group-General-Counsel_VDEF-1.pdf\"><i class=\"fas fa-chevron-right\"><\/i><span class=\"w-btn-label\">Leer (en ingl\u00e9s)<\/span><\/a><\/div><\/div><\/div><\/div><\/div><\/div><\/section>\n<\/div>\t\t<\/div>\r\n\t\t\t<\/article>\r\n\t<article class=\"w-grid-item size_1x1 post-25855 us_portfolio type-us_portfolio status-publish has-post-thumbnail hentry us_portfolio_category-comunicados-de-prensa us_portfolio_tag-127\" data-id=\"25855\">\r\n\t\t<div class=\"w-grid-item-h\">\r\n\t\t\t\t\t\t<div class=\"w-post-elm post_image usg_post_image_1 stretched\"><img loading=\"lazy\" decoding=\"async\" width=\"900\" height=\"600\" src=\"https:\/\/i0.wp.com\/sipearl.com\/wp-content\/uploads\/2023\/10\/JUPITER_lead-customer_SiPearl.jpg?fit=900%2C600&amp;ssl=1\" class=\"attachment-full size-full wp-post-image\" alt=\"JUPITER SiPearl\" srcset=\"https:\/\/i0.wp.com\/sipearl.com\/wp-content\/uploads\/2023\/10\/JUPITER_lead-customer_SiPearl.jpg?w=900&amp;ssl=1 900w, https:\/\/i0.wp.com\/sipearl.com\/wp-content\/uploads\/2023\/10\/JUPITER_lead-customer_SiPearl.jpg?resize=300%2C200&amp;ssl=1 300w\" sizes=\"auto, (max-width: 900px) 100vw, 900px\" \/><\/div><div class=\"w-post-elm post_content usg_post_content_1\"><section class=\"l-section wpb_row height_small\"><div class=\"l-section-h i-cf\"><div class=\"g-cols vc_row via_flex valign_top type_default stacking_default\"><div class=\"vc_col-sm-12 wpb_column vc_column_container\"><div class=\"vc_column-inner\"><div class=\"wpb_wrapper\"><div class=\"g-cols wpb_row via_flex valign_top type_default stacking_default\"><div class=\"vc_col-sm-12 wpb_column vc_column_container\"><div class=\"vc_column-inner\"><div class=\"wpb_wrapper\"><div class=\"wpb_text_column\"><div class=\"wpb_wrapper\"><h3><span style=\"color: #ffffff;\">JUPITER primer contrato emblem\u00e1tico<\/span><\/h3>\n<p><span style=\"color: #009fe3;\"><strong>5 de octubre de 2023<\/strong><\/span><\/p>\n<p>El primer supercalculador europeo de exaescala estar\u00e1 equipado con Rhea1, el microprocesador de bajo consumo dise\u00f1ado para el c\u00e1lculo de alto rendimiento.<\/p>\n<\/div><\/div><\/div><\/div><\/div><\/div><div class=\"w-separator size_custom\" style=\"height:1rem\"><\/div><div class=\"w-btn-wrapper align_left\"><a class=\"w-btn us-btn-style_2 icon_atleft\" target=\"_blank\" href=\"https:\/\/sipearl.com\/wp-content\/uploads\/2023\/10\/PR_SiPearl_Jupiter-lead_customer_VDEF-1.pdf\"><i class=\"fas fa-chevron-right\"><\/i><span class=\"w-btn-label\">Leer (en ingl\u00e9s)<\/span><\/a><\/div><\/div><\/div><\/div><\/div><\/div><\/section>\n<\/div>\t\t<\/div>\r\n\t\t\t<\/article>\r\n\t<article class=\"w-grid-item size_1x1 post-26993 us_portfolio type-us_portfolio status-publish has-post-thumbnail hentry us_portfolio_category-comunicados-de-prensa us_portfolio_tag-127\" data-id=\"26993\">\r\n\t\t<div class=\"w-grid-item-h\">\r\n\t\t\t\t\t\t<div class=\"w-post-elm post_image usg_post_image_1 stretched\"><img loading=\"lazy\" decoding=\"async\" width=\"900\" height=\"600\" src=\"https:\/\/i0.wp.com\/sipearl.com\/wp-content\/uploads\/2023\/04\/visuel_site_internet-1.jpg?fit=900%2C600&amp;ssl=1\" class=\"attachment-full size-full wp-post-image\" alt=\"\" srcset=\"https:\/\/i0.wp.com\/sipearl.com\/wp-content\/uploads\/2023\/04\/visuel_site_internet-1.jpg?w=900&amp;ssl=1 900w, https:\/\/i0.wp.com\/sipearl.com\/wp-content\/uploads\/2023\/04\/visuel_site_internet-1.jpg?resize=300%2C200&amp;ssl=1 300w\" sizes=\"auto, (max-width: 900px) 100vw, 900px\" \/><\/div><div class=\"w-post-elm post_content usg_post_content_1\"><section class=\"l-section wpb_row height_small\"><div class=\"l-section-h i-cf\"><div class=\"g-cols vc_row via_flex valign_top type_default stacking_default\"><div class=\"vc_col-sm-12 wpb_column vc_column_container\"><div class=\"vc_column-inner\"><div class=\"wpb_wrapper\"><div class=\"g-cols wpb_row via_flex valign_top type_default stacking_default\"><div class=\"vc_col-sm-12 wpb_column vc_column_container\"><div class=\"vc_column-inner\"><div class=\"wpb_wrapper\"><div class=\"wpb_text_column\"><div class=\"wpb_wrapper\"><h3><span style=\"color: #ffffff;\">1<sup>er<\/sup> Primera ronda de la Serie A con 90\u00a0milliones de euros<\/span><\/h3>\n<p><span style=\"color: #009fe3;\"><strong>5 de abril de 2023<\/strong><\/span><\/p>\n<p>En esta primera ronda de financiaci\u00f3n participan socios industriales clave, as\u00ed como inversores p\u00fablicos europeos y franceses.<\/p>\n<\/div><\/div><\/div><\/div><\/div><\/div><div class=\"w-separator size_custom\" style=\"height:1rem\"><\/div><div class=\"w-btn-wrapper align_left\"><a class=\"w-btn us-btn-style_2 icon_atleft\" target=\"_blank\" href=\"https:\/\/sipearl.com\/wp-content\/uploads\/2023\/04\/PR_SiPearl_SeriesA_final.pdf\"><i class=\"fas fa-chevron-right\"><\/i><span class=\"w-btn-label\">Leer (en ingl\u00e9s)<\/span><\/a><\/div><\/div><\/div><\/div><\/div><\/div><\/section>\n<\/div>\t\t<\/div>\r\n\t\t\t<\/article>\r\n\t<article class=\"w-grid-item size_1x1 post-26997 us_portfolio type-us_portfolio status-publish has-post-thumbnail hentry us_portfolio_category-comunicados-de-prensa us_portfolio_tag-139\" data-id=\"26997\">\r\n\t\t<div class=\"w-grid-item-h\">\r\n\t\t\t\t\t\t<div class=\"w-post-elm post_image usg_post_image_1 stretched\"><img loading=\"lazy\" decoding=\"async\" width=\"2046\" height=\"1364\" src=\"https:\/\/i0.wp.com\/sipearl.com\/wp-content\/uploads\/2022\/11\/SiPearl_Collaboration_AMD_microprocessor.jpg?fit=2046%2C1364&amp;ssl=1\" class=\"attachment-full size-full wp-post-image\" alt=\"\" srcset=\"https:\/\/i0.wp.com\/sipearl.com\/wp-content\/uploads\/2022\/11\/SiPearl_Collaboration_AMD_microprocessor.jpg?w=2046&amp;ssl=1 2046w, https:\/\/i0.wp.com\/sipearl.com\/wp-content\/uploads\/2022\/11\/SiPearl_Collaboration_AMD_microprocessor.jpg?resize=300%2C200&amp;ssl=1 300w, https:\/\/i0.wp.com\/sipearl.com\/wp-content\/uploads\/2022\/11\/SiPearl_Collaboration_AMD_microprocessor.jpg?resize=1024%2C683&amp;ssl=1 1024w, https:\/\/i0.wp.com\/sipearl.com\/wp-content\/uploads\/2022\/11\/SiPearl_Collaboration_AMD_microprocessor.jpg?resize=1536%2C1024&amp;ssl=1 1536w\" sizes=\"auto, (max-width: 1480px) 100vw, 1480px\" \/><\/div><div class=\"w-post-elm post_content usg_post_content_1\"><section class=\"l-section wpb_row height_small\"><div class=\"l-section-h i-cf\"><div class=\"g-cols vc_row via_flex valign_top type_default stacking_default\"><div class=\"vc_col-sm-12 wpb_column vc_column_container\"><div class=\"vc_column-inner\"><div class=\"wpb_wrapper\"><div class=\"g-cols wpb_row via_flex valign_top type_default stacking_default\"><div class=\"vc_col-sm-12 wpb_column vc_column_container\"><div class=\"vc_column-inner\"><div class=\"wpb_wrapper\"><div class=\"wpb_text_column\"><div class=\"wpb_wrapper\"><h3><span style=\"color: #ffffff;\">Colaboraci\u00f3n con AMD en la supercomputaci\u00f3n a exaescala en Europa<\/span><\/h3>\n<p><span style=\"color: #009fe3;\"><strong>14 de noviembre de 2022<\/strong><\/span><\/p>\n<p>Ambos socios presentar\u00e1n una oferta conjunta que combinar\u00e1 el microprocesador HPC Rhea de SiPearl con los aceleradores Instinct\u2122 de AMD.<\/p>\n<\/div><\/div><\/div><\/div><\/div><\/div><div class=\"w-separator size_custom\" style=\"height:1rem\"><\/div><div class=\"w-btn-wrapper align_left\"><a class=\"w-btn us-btn-style_2 icon_atleft\" target=\"_blank\" href=\"https:\/\/sipearl.com\/wp-content\/uploads\/2022\/11\/PR_SiPearl_AMD_collaboration_VDEF.pdf\"><i class=\"fas fa-chevron-right\"><\/i><span class=\"w-btn-label\">Leer (en ingl\u00e9s)<\/span><\/a><\/div><\/div><\/div><\/div><\/div><\/div><\/section>\n<\/div>\t\t<\/div>\r\n\t\t\t<\/article>\r\n<\/div>\t<div class=\"w-grid-preloader\">\r\n\t\t<div class=\"g-preloader type_1\">\r\n\t\t\t<div><\/div>\r\n\t\t<\/div>\r\n\t<\/div>\r\n\t\t\t\t<div class=\"g-loadmore\">\r\n\t\t\t\t<div class=\"g-preloader type_1\">\r\n\t\t\t\t\t<div><\/div>\r\n\t\t\t\t<\/div>\r\n\t\t\t\t<button class=\"w-btn us-btn-style_32\">\r\n\t\t\t\t\t<span class=\"w-btn-label\">M\u00e1s comunicados<\/span>\r\n\t\t\t\t<\/button>\r\n\t\t\t<\/div>\r\n\t\t\t\t<div class=\"w-grid-json hidden\" onclick='return {&quot;action&quot;:&quot;us_ajax_grid&quot;,&quot;infinite_scroll&quot;:0,&quot;max_num_pages&quot;:3,&quot;pagination&quot;:&quot;ajax&quot;,&quot;template_vars&quot;:{&quot;columns&quot;:&quot;3&quot;,&quot;exclude_items&quot;:&quot;none&quot;,&quot;img_size&quot;:&quot;default&quot;,&quot;ignore_items_size&quot;:0,&quot;items_layout&quot;:&quot;12803&quot;,&quot;items_offset&quot;:&quot;1&quot;,&quot;load_animation&quot;:&quot;none&quot;,&quot;overriding_link&quot;:&quot;%7B%22url%22%3A%22%22%7D&quot;,&quot;post_id&quot;:0,&quot;query_args&quot;:{&quot;post_type&quot;:[&quot;us_portfolio&quot;],&quot;tax_query&quot;:[{&quot;taxonomy&quot;:&quot;us_portfolio_category&quot;,&quot;field&quot;:&quot;slug&quot;,&quot;terms&quot;:[&quot;comunicados-de-prensa&quot;]}],&quot;post_status&quot;:[&quot;publish&quot;],&quot;posts_per_page&quot;:&quot;18&quot;},&quot;orderby_query_args&quot;:{&quot;orderby&quot;:{&quot;date&quot;:&quot;DESC&quot;}},&quot;type&quot;:&quot;grid&quot;,&quot;us_grid_post_type&quot;:&quot;us_portfolio&quot;,&quot;us_grid_ajax_index&quot;:1,&quot;us_grid_filter_query_string&quot;:null,&quot;us_grid_index&quot;:1,&quot;page_args&quot;:[],&quot;lang&quot;:&quot;es&quot;}}'><\/div>\r\n\t<\/div><div class=\"w-separator size_custom\" style=\"height:3rem\"><\/div><\/div><\/div><\/div><\/div><div class=\"g-cols wpb_row us_custom_d174e5d4 has_text_color via_flex valign_middle type_default stacking_default\"><div class=\"vc_col-sm-8 wpb_column vc_column_container\"><div class=\"vc_column-inner\"><div class=\"wpb_wrapper\"><div class=\"w-separator size_custom\" style=\"height:3rem\"><\/div><div class=\"wpb_text_column us_custom_f7827f41 has_text_color\"><div class=\"wpb_wrapper\"><h2 style=\"text-align: center;\">Para recibir nuestros comunicados de prensa<\/h2>\n<\/div><\/div><div class=\"w-separator size_custom\" style=\"height:1.8rem\"><\/div><\/div><\/div><\/div><div class=\"vc_col-sm-4 wpb_column vc_column_container\"><div class=\"vc_column-inner\"><div class=\"wpb_wrapper\"><div class=\"w-separator size_custom\" style=\"height:3rem\"><\/div><div class=\"w-popup w-btn-wrapper align_center\"><button class=\"w-popup-trigger type_btn w-btn us-btn-style_26\" aria-label=\"Me inscribo\" type=\"button\"><span class=\"w-btn-label\">Me inscribo<\/span><\/button><div class=\"w-popup-overlay\" style=\"background:rgba(0,159,227,0.75);\"><\/div><div class=\"w-popup-wrap layout_default\" role=\"dialog\" aria-modal=\"true\" aria-label=\"Ventana emergente\" style=\"--title-color:var(--color-content-heading);--title-bg-color:var(--color-content-bg-alt);--content-color:var(--color-content-text);--content-bg-color:var(--color-content-bg);--popup-width:600px;--popup-padding:5%;\"><button aria-label=\"Cerrar\" class=\"w-popup-closer\" type=\"button\"><\/button><div class=\"w-popup-box animation_fadeIn closerpos_outside without_title\"><div class=\"w-popup-box-h\"><div class=\"w-popup-box-content\"><h3 style=\"text-align: center;\"><div class=\"w-iconbox iconpos_top style_default color_primary align_center no_text no_title\"><div class=\"w-iconbox-icon\" style=\"font-size:60px;\"><i class=\"fas fa-pen-alt\"><\/i><\/div><div class=\"w-iconbox-meta\"><\/div><\/div><br \/>\n<strong>Me apunto a la lista de prensa de SiPearl<\/strong><\/h3>\n<p style=\"text-align: center;\"><div class=\"w-separator size_custom\" style=\"height:2.5rem\"><\/div>\n<p style=\"text-align: center;\">\n<div class=\"wpcf7 no-js\" id=\"wpcf7-f9750-o1\" lang=\"fr-FR\" dir=\"ltr\" data-wpcf7-id=\"9750\">\n<div class=\"screen-reader-response\"><p role=\"status\" aria-live=\"polite\" aria-atomic=\"true\"><\/p> <ul><\/ul><\/div>\n<form action=\"\/es\/wp-json\/wp\/v2\/pages\/26247#wpcf7-f9750-o1\" method=\"post\" class=\"wpcf7-form init\" aria-label=\"Formulaire de contact\" novalidate=\"novalidate\" data-status=\"init\">\n<fieldset class=\"hidden-fields-container\"><input type=\"hidden\" name=\"_wpcf7\" value=\"9750\" \/><input type=\"hidden\" name=\"_wpcf7_version\" value=\"6.1.6\" \/><input type=\"hidden\" name=\"_wpcf7_locale\" value=\"fr_FR\" \/><input type=\"hidden\" name=\"_wpcf7_unit_tag\" value=\"wpcf7-f9750-o1\" \/><input type=\"hidden\" name=\"_wpcf7_container_post\" value=\"0\" \/><input type=\"hidden\" name=\"_wpcf7_posted_data_hash\" value=\"\" \/><input type=\"hidden\" name=\"_wpcf7_recaptcha_response\" value=\"\" \/>\n<\/fieldset>\n<p><span class=\"wpcf7-form-control-wrap\" data-name=\"your-surname\"><input size=\"40\" maxlength=\"400\" class=\"wpcf7-form-control wpcf7-text\" aria-invalid=\"false\" placeholder=\"Pr\u00e9nom\" value=\"\" type=\"text\" name=\"your-surname\" \/><\/span>\n<\/p>\n<p><span class=\"wpcf7-form-control-wrap\" data-name=\"your-last-name\"><input size=\"40\" maxlength=\"400\" class=\"wpcf7-form-control wpcf7-text wpcf7-validates-as-required\" aria-required=\"true\" aria-invalid=\"false\" placeholder=\"Nom*\" value=\"\" type=\"text\" name=\"your-last-name\" \/><\/span>\n<\/p>\n<p><span class=\"wpcf7-form-control-wrap\" data-name=\"company\"><input size=\"40\" maxlength=\"400\" class=\"wpcf7-form-control wpcf7-text\" aria-invalid=\"false\" placeholder=\"M\u00e9dia*\" value=\"\" type=\"text\" name=\"company\" \/><\/span>\n<\/p>\n<p><span class=\"wpcf7-form-control-wrap\" data-name=\"email-131\"><input size=\"40\" maxlength=\"400\" class=\"wpcf7-form-control wpcf7-email wpcf7-validates-as-required wpcf7-text wpcf7-validates-as-email\" aria-required=\"true\" aria-invalid=\"false\" placeholder=\"E-mail*\" value=\"\" type=\"email\" name=\"email-131\" \/><\/span>\n<\/p>\n<p><input class=\"wpcf7-form-control wpcf7-submit has-spinner\" type=\"submit\" value=\"Envoyer\" \/>\n<\/p><div class=\"wpcf7-response-output\" aria-hidden=\"true\"><\/div>\n<\/form>\n<\/div>\n<p style=\"text-align: center;\"><div class=\"w-separator size_custom\" style=\"height:1.5rem\"><\/div>\n<p style=\"text-align: center;\"><span style=\"font-size: 10pt;\"><em>(*) Estos campos son obligatorios.<\/em><\/span><\/p>\n<p style=\"text-align: center;\">Al facilitar sus datos, acepta recibir nuestros comunicados de prensa por correo electr\u00f3nico y confirma que ha le\u00eddo nuestra <a href=\"https:\/\/sipearl.com\/mentions-legales-sipearl\"><strong><span style=\"text-decoration: underline;\">Pol\u00edtica de privacidad<\/span><\/strong>.<\/a><\/p>\n<p style=\"text-align: center;\">Puede darse de baja en cualquier momento utilizando el enlace de baja que aparece al final de cada comunicado de prensa o poni\u00e9ndose en contacto con communication<sup>AT<\/sup>sipearl.com.<\/p>\n<\/div><\/div><\/div><\/div><\/div><div class=\"w-separator size_custom\" style=\"height:1.8rem\"><\/div><\/div><\/div><\/div><\/div><\/div><\/div><\/div><\/div><\/div><\/section>\n","protected":false},"excerpt":{"rendered":"Colaboraci\u00f3n con AMD en la supercomputaci\u00f3n a exaescala en Europa 14 de noviembre de 2022 Ambos socios presentar\u00e1n una oferta conjunta que combinar\u00e1 el microprocesador HPC Rhea de SiPearl con los aceleradores Instinct\u2122 de AMD. Leer (en ingl\u00e9s)","protected":false},"author":1,"featured_media":0,"parent":0,"menu_order":0,"comment_status":"closed","ping_status":"closed","template":"","meta":{"footnotes":""},"class_list":["post-26247","page","type-page","status-publish","hentry"],"yoast_head":"<!-- This site is optimized with the Yoast SEO plugin v28.3 - https:\/\/yoast.com\/product\/yoast-seo-wordpress\/ -->\n<title>Prensa de SiPearl - SiPearl<\/title>\n<meta name=\"description\" content=\"Aqu\u00ed encontrar\u00e1s los comunicados de prensa y el dossier de prensa de SiPearl. \u00a1Periodistas, ap\u00fantate a nuestra lista de prensa!\" \/>\n<meta name=\"robots\" content=\"index, follow, max-snippet:-1, max-image-preview:large, max-video-preview:-1\" \/>\n<link rel=\"canonical\" href=\"https:\/\/sipearl.com\/es\/relaciones-con-la-prensa-sipearl\" \/>\n<meta property=\"og:locale\" content=\"es_ES\" \/>\n<meta property=\"og:type\" content=\"article\" \/>\n<meta property=\"og:title\" content=\"Prensa de SiPearl - SiPearl\" \/>\n<meta property=\"og:description\" content=\"Aqu\u00ed encontrar\u00e1s los comunicados de prensa y el dossier de prensa de SiPearl. \u00a1Periodistas, ap\u00fantate a nuestra lista de prensa!\" \/>\n<meta property=\"og:url\" content=\"https:\/\/sipearl.com\/es\/relaciones-con-la-prensa-sipearl\" \/>\n<meta property=\"og:site_name\" content=\"SiPearl\" \/>\n<meta property=\"article:modified_time\" content=\"2026-08-06T07:49:55+00:00\" \/>\n<meta name=\"twitter:card\" content=\"summary_large_image\" \/>\n<meta name=\"twitter:site\" content=\"@SIPEARL_SAS\" \/>\n<meta name=\"twitter:label1\" content=\"Tiempo de lectura\" \/>\n\t<meta name=\"twitter:data1\" content=\"3 minutos\" \/>\n<script type=\"application\/ld+json\" class=\"yoast-schema-graph\">{\"@context\":\"https:\\\/\\\/schema.org\",\"@graph\":[{\"@type\":\"WebPage\",\"@id\":\"https:\\\/\\\/sipearl.com\\\/es\\\/relaciones-con-la-prensa-sipearl\",\"url\":\"https:\\\/\\\/sipearl.com\\\/es\\\/relaciones-con-la-prensa-sipearl\",\"name\":\"Prensa de SiPearl - SiPearl\",\"isPartOf\":{\"@id\":\"https:\\\/\\\/sipearl.com\\\/es#website\"},\"datePublished\":\"2026-08-05T14:43:33+00:00\",\"dateModified\":\"2026-08-06T07:49:55+00:00\",\"description\":\"Aqu\u00ed encontrar\u00e1s los comunicados de prensa y el dossier de prensa de SiPearl. \u00a1Periodistas, ap\u00fantate a nuestra lista de prensa!\",\"breadcrumb\":{\"@id\":\"https:\\\/\\\/sipearl.com\\\/es\\\/relaciones-con-la-prensa-sipearl#breadcrumb\"},\"inLanguage\":\"es\",\"potentialAction\":[{\"@type\":\"ReadAction\",\"target\":[\"https:\\\/\\\/sipearl.com\\\/es\\\/relaciones-con-la-prensa-sipearl\"]}]},{\"@type\":\"BreadcrumbList\",\"@id\":\"https:\\\/\\\/sipearl.com\\\/es\\\/relaciones-con-la-prensa-sipearl#breadcrumb\",\"itemListElement\":[{\"@type\":\"ListItem\",\"position\":1,\"name\":\"Accueil\",\"item\":\"https:\\\/\\\/sipearl.com\\\/es\"},{\"@type\":\"ListItem\",\"position\":2,\"name\":\"Prensa de SiPearl\"}]},{\"@type\":\"WebSite\",\"@id\":\"https:\\\/\\\/sipearl.com\\\/es#website\",\"url\":\"https:\\\/\\\/sipearl.com\\\/es\",\"name\":\"SiPearl\",\"description\":\"le microprocesseur europ\u00e9en\",\"publisher\":{\"@id\":\"https:\\\/\\\/sipearl.com\\\/es#organization\"},\"potentialAction\":[{\"@type\":\"SearchAction\",\"target\":{\"@type\":\"EntryPoint\",\"urlTemplate\":\"https:\\\/\\\/sipearl.com\\\/es?s={search_term_string}\"},\"query-input\":{\"@type\":\"PropertyValueSpecification\",\"valueRequired\":true,\"valueName\":\"search_term_string\"}}],\"inLanguage\":\"es\"},{\"@type\":\"Organization\",\"@id\":\"https:\\\/\\\/sipearl.com\\\/es#organization\",\"name\":\"SiPearl\",\"url\":\"https:\\\/\\\/sipearl.com\\\/es\",\"logo\":{\"@type\":\"ImageObject\",\"inLanguage\":\"es\",\"@id\":\"https:\\\/\\\/sipearl.com\\\/es#\\\/schema\\\/logo\\\/image\\\/\",\"url\":\"https:\\\/\\\/sipearl.com\\\/wp-content\\\/uploads\\\/2021\\\/08\\\/logo_SIPEARL.png\",\"contentUrl\":\"https:\\\/\\\/sipearl.com\\\/wp-content\\\/uploads\\\/2021\\\/08\\\/logo_SIPEARL.png\",\"width\":1146,\"height\":396,\"caption\":\"SiPearl\"},\"image\":{\"@id\":\"https:\\\/\\\/sipearl.com\\\/es#\\\/schema\\\/logo\\\/image\\\/\"},\"sameAs\":[\"https:\\\/\\\/x.com\\\/SIPEARL_SAS\",\"https:\\\/\\\/www.linkedin.com\\\/company\\\/sipearl\\\/\"]}]}<\/script>\n<!-- \/ Yoast SEO plugin. -->","yoast_head_json":{"title":"Prensa de SiPearl - SiPearl","description":"Aqu\u00ed encontrar\u00e1s los comunicados de prensa y el dossier de prensa de SiPearl. \u00a1Periodistas, ap\u00fantate a nuestra lista de prensa!","robots":{"index":"index","follow":"follow","max-snippet":"max-snippet:-1","max-image-preview":"max-image-preview:large","max-video-preview":"max-video-preview:-1"},"canonical":"https:\/\/sipearl.com\/es\/relaciones-con-la-prensa-sipearl","og_locale":"es_ES","og_type":"article","og_title":"Prensa de SiPearl - SiPearl","og_description":"Aqu\u00ed encontrar\u00e1s los comunicados de prensa y el dossier de prensa de SiPearl. \u00a1Periodistas, ap\u00fantate a nuestra lista de prensa!","og_url":"https:\/\/sipearl.com\/es\/relaciones-con-la-prensa-sipearl","og_site_name":"SiPearl","article_modified_time":"2026-08-06T07:49:55+00:00","twitter_card":"summary_large_image","twitter_site":"@SIPEARL_SAS","twitter_misc":{"Tiempo de lectura":"3 minutos"},"schema":{"@context":"https:\/\/schema.org","@graph":[{"@type":"WebPage","@id":"https:\/\/sipearl.com\/es\/relaciones-con-la-prensa-sipearl","url":"https:\/\/sipearl.com\/es\/relaciones-con-la-prensa-sipearl","name":"Prensa de SiPearl - SiPearl","isPartOf":{"@id":"https:\/\/sipearl.com\/es#website"},"datePublished":"2026-08-05T14:43:33+00:00","dateModified":"2026-08-06T07:49:55+00:00","description":"Aqu\u00ed encontrar\u00e1s los comunicados de prensa y el dossier de prensa de SiPearl. \u00a1Periodistas, ap\u00fantate a nuestra lista de prensa!","breadcrumb":{"@id":"https:\/\/sipearl.com\/es\/relaciones-con-la-prensa-sipearl#breadcrumb"},"inLanguage":"es","potentialAction":[{"@type":"ReadAction","target":["https:\/\/sipearl.com\/es\/relaciones-con-la-prensa-sipearl"]}]},{"@type":"BreadcrumbList","@id":"https:\/\/sipearl.com\/es\/relaciones-con-la-prensa-sipearl#breadcrumb","itemListElement":[{"@type":"ListItem","position":1,"name":"Accueil","item":"https:\/\/sipearl.com\/es"},{"@type":"ListItem","position":2,"name":"Prensa de SiPearl"}]},{"@type":"WebSite","@id":"https:\/\/sipearl.com\/es#website","url":"https:\/\/sipearl.com\/es","name":"SiPearl","description":"le microprocesseur europ\u00e9en","publisher":{"@id":"https:\/\/sipearl.com\/es#organization"},"potentialAction":[{"@type":"SearchAction","target":{"@type":"EntryPoint","urlTemplate":"https:\/\/sipearl.com\/es?s={search_term_string}"},"query-input":{"@type":"PropertyValueSpecification","valueRequired":true,"valueName":"search_term_string"}}],"inLanguage":"es"},{"@type":"Organization","@id":"https:\/\/sipearl.com\/es#organization","name":"SiPearl","url":"https:\/\/sipearl.com\/es","logo":{"@type":"ImageObject","inLanguage":"es","@id":"https:\/\/sipearl.com\/es#\/schema\/logo\/image\/","url":"https:\/\/sipearl.com\/wp-content\/uploads\/2021\/08\/logo_SIPEARL.png","contentUrl":"https:\/\/sipearl.com\/wp-content\/uploads\/2021\/08\/logo_SIPEARL.png","width":1146,"height":396,"caption":"SiPearl"},"image":{"@id":"https:\/\/sipearl.com\/es#\/schema\/logo\/image\/"},"sameAs":["https:\/\/x.com\/SIPEARL_SAS","https:\/\/www.linkedin.com\/company\/sipearl\/"]}]}},"jetpack_sharing_enabled":true,"_links":{"self":[{"href":"https:\/\/sipearl.com\/es\/wp-json\/wp\/v2\/pages\/26247","targetHints":{"allow":["GET"]}}],"collection":[{"href":"https:\/\/sipearl.com\/es\/wp-json\/wp\/v2\/pages"}],"about":[{"href":"https:\/\/sipearl.com\/es\/wp-json\/wp\/v2\/types\/page"}],"author":[{"embeddable":true,"href":"https:\/\/sipearl.com\/es\/wp-json\/wp\/v2\/users\/1"}],"replies":[{"embeddable":true,"href":"https:\/\/sipearl.com\/es\/wp-json\/wp\/v2\/comments?post=26247"}],"version-history":[{"count":12,"href":"https:\/\/sipearl.com\/es\/wp-json\/wp\/v2\/pages\/26247\/revisions"}],"predecessor-version":[{"id":26368,"href":"https:\/\/sipearl.com\/es\/wp-json\/wp\/v2\/pages\/26247\/revisions\/26368"}],"wp:attachment":[{"href":"https:\/\/sipearl.com\/es\/wp-json\/wp\/v2\/media?parent=26247"}],"curies":[{"name":"wp","href":"https:\/\/api.w.org\/{rel}","templated":true}]}}